{"id":1938,"date":"2021-03-04T12:08:17","date_gmt":"2021-03-04T12:08:17","guid":{"rendered":"https:\/\/kninsesi.com\/?page_id=1938"},"modified":"2021-12-02T18:59:42","modified_gmt":"2021-12-02T18:59:42","slug":"soylesiler","status":"publish","type":"page","link":"https:\/\/kninsesi.com\/en\/soylesiler\/","title":{"rendered":"S\u00f6yle\u015filer"},"content":{"rendered":"<div data-elementor-type=\"wp-page\" data-elementor-id=\"1938\" class=\"elementor elementor-1938\" data-elementor-settings=\"[]\">\n\t\t\t\t\t\t<div class=\"elementor-inner\">\n\t\t\t\t\t\t\t<div class=\"elementor-section-wrap\">\n\t\t\t\t\t\t\t<section class=\"elementor-section elementor-top-section elementor-element elementor-element-832ab89 elementor-section-boxed elementor-section-height-default elementor-section-height-default\" data-id=\"832ab89\" data-element_type=\"section\">\n\t\t\t\t\t\t<div class=\"elementor-container elementor-column-gap-default\">\n\t\t\t\t\t\t\t<div class=\"elementor-row\">\n\t\t\t\t\t<div class=\"elementor-column elementor-col-100 elementor-top-column elementor-element elementor-element-41944d6\" data-id=\"41944d6\" data-element_type=\"column\">\n\t\t\t<div class=\"elementor-column-wrap elementor-element-populated\">\n\t\t\t\t\t\t\t<div class=\"elementor-widget-wrap\">\n\t\t\t\t\t\t<div class=\"elementor-element elementor-element-f725783 elementor-grid-3 elementor-grid-tablet-2 elementor-grid-mobile-1 elementor-posts--thumbnail-top elementor-widget elementor-widget-posts\" data-id=\"f725783\" data-element_type=\"widget\" data-settings=\"{&quot;classic_columns&quot;:&quot;3&quot;,&quot;classic_columns_tablet&quot;:&quot;2&quot;,&quot;classic_columns_mobile&quot;:&quot;1&quot;,&quot;classic_row_gap&quot;:{&quot;unit&quot;:&quot;px&quot;,&quot;size&quot;:35,&quot;sizes&quot;:[]},&quot;classic_row_gap_tablet&quot;:{&quot;unit&quot;:&quot;px&quot;,&quot;size&quot;:&quot;&quot;,&quot;sizes&quot;:[]},&quot;classic_row_gap_mobile&quot;:{&quot;unit&quot;:&quot;px&quot;,&quot;size&quot;:&quot;&quot;,&quot;sizes&quot;:[]}}\" data-widget_type=\"posts.classic\">\n\t\t\t\t<div class=\"elementor-widget-container\">\n\t\t\t\t\t<div class=\"elementor-posts-container elementor-posts elementor-posts--skin-classic elementor-grid\">\n\t\t\t\t<article class=\"elementor-post elementor-grid-item post-3625 post type-post status-publish format-standard has-post-thumbnail hentry category-soylesiler tag-adalet tag-beril-sarialtun tag-cigdem-simsek tag-duygu-dalyanoglu tag-isin-elicin tag-knin-sesi tag-medya tag-nihal-albayrak tag-ses-tiyatrosu tag-soylesi tag-suc series-soylesiler\">\n\t\t\t\t<a class=\"elementor-post__thumbnail__link\" href=\"https:\/\/kninsesi.com\/en\/3-sezon-8-sohbet-hayat-bir-mucadele-isin-elicin-ile-medyada-adalet\/\" target=&quot;_blank&quot;>\n\t\t\t<div class=\"elementor-post__thumbnail\"><img width=\"300\" height=\"300\" src=\"https:\/\/kninsesi.com\/wp-content\/uploads\/2022\/06\/Image-from-iOS-300x300.jpg\" class=\"attachment-medium size-medium\" alt=\"\" \/><\/div>\n\t\t<\/a>\n\t\t\t\t<div class=\"elementor-post__text\">\n\t\t\t\t<h3 class=\"elementor-post__title\">\n\t\t\t<a href=\"https:\/\/kninsesi.com\/en\/3-sezon-8-sohbet-hayat-bir-mucadele-isin-elicin-ile-medyada-adalet\/\" target=&quot;_blank&quot;>\n\t\t\t\t3. Sezon 8. Sohbet: &#8220;Hayat Bir M\u00fccadele: I\u015f\u0131n Eli\u00e7in ile Medyada Adalet&#8221;\t\t\t<\/a>\n\t\t<\/h3>\n\t\t\t\t<div class=\"elementor-post__meta-data\">\n\t\t\t\t\t<span class=\"elementor-post-date\">\n\t\t\tJune 1, 2022\t\t<\/span>\n\t\t\t\t<\/div>\n\t\t\t\t<div class=\"elementor-post__excerpt\">\n\t\t\t<p>B\u00f6l\u00fcm\u00fc Podcast Platformlar\u0131ndan Dinlemek \u0130\u00e7in: Spotify Apple Podcast Deezer Su\u00e7 ve adalet temalar\u0131na odakland\u0131\u011f\u0131m\u0131z s\u00f6yle\u015fi serimizin son b\u00f6l\u00fcm\u00fcnde bas\u0131n \u00f6zg\u00fcrl\u00fc\u011f\u00fcn\u00fc ve haber alma \u00f6zg\u00fcrl\u00fc\u011f\u00fcn\u00fc konu\u015ftuk.<\/p>\n\t\t<\/div>\n\t\t\t\t\t<a class=\"elementor-post__read-more\" href=\"https:\/\/kninsesi.com\/en\/3-sezon-8-sohbet-hayat-bir-mucadele-isin-elicin-ile-medyada-adalet\/\" target=\"_blank\">\n\t\t\t\tB\u00f6l\u00fcm Hakk\u0131nda\t\t\t<\/a>\n\t\t\t\t<\/div>\n\t\t\t\t<\/article>\n\t\t\t\t<article class=\"elementor-post elementor-grid-item post-3606 post type-post status-publish format-standard has-post-thumbnail hentry category-soylesiler tag-beril-sarialtun tag-cigdem-simsek tag-damgalama tag-duygu-dalyanoglu tag-etiketleme tag-hiv tag-hiv-aktivisti tag-knin-sesi tag-nihal-albayrak tag-pozitif-iz-dernegi tag-ses-tiyatrosu tag-soylesi tag-stigmatizasyon tag-suc series-soylesiler\">\n\t\t\t\t<a class=\"elementor-post__thumbnail__link\" href=\"https:\/\/kninsesi.com\/en\/3-sezon-7-sohbet-ne-yanlisiz-ne-yalniz-cigdem-simsek-ile-damgalama-ve-hiv\/\" target=&quot;_blank&quot;>\n\t\t\t<div class=\"elementor-post__thumbnail\"><img width=\"300\" height=\"300\" src=\"https:\/\/kninsesi.com\/wp-content\/uploads\/2022\/05\/IMG-6875-300x300.jpg\" class=\"attachment-medium size-medium\" alt=\"\" \/><\/div>\n\t\t<\/a>\n\t\t\t\t<div class=\"elementor-post__text\">\n\t\t\t\t<h3 class=\"elementor-post__title\">\n\t\t\t<a href=\"https:\/\/kninsesi.com\/en\/3-sezon-7-sohbet-ne-yanlisiz-ne-yalniz-cigdem-simsek-ile-damgalama-ve-hiv\/\" target=&quot;_blank&quot;>\n\t\t\t\t3. Sezon 7. Sohbet: &#8220;Ne Yanl\u0131\u015f\u0131z Ne Yaln\u0131z: \u00c7i\u011fdem \u015eim\u015fek ile Damgalama ve HIV&#8221;\t\t\t<\/a>\n\t\t<\/h3>\n\t\t\t\t<div class=\"elementor-post__meta-data\">\n\t\t\t\t\t<span class=\"elementor-post-date\">\n\t\t\tMay 25, 2022\t\t<\/span>\n\t\t\t\t<\/div>\n\t\t\t\t<div class=\"elementor-post__excerpt\">\n\t\t\t<p>B\u00f6l\u00fcm\u00fc Podcast Platformlar\u0131ndan Dinlemek \u0130\u00e7in: Spotify Apple Podcast Deezer Bu sefer su\u00e7 kavram\u0131 daha farkl\u0131 bir yerden g\u00fcndemimizde: birilerini potansiyel su\u00e7lu olarak g\u00f6rme haline bakt\u0131k.<\/p>\n\t\t<\/div>\n\t\t\t\t\t<a class=\"elementor-post__read-more\" href=\"https:\/\/kninsesi.com\/en\/3-sezon-7-sohbet-ne-yanlisiz-ne-yalniz-cigdem-simsek-ile-damgalama-ve-hiv\/\" target=\"_blank\">\n\t\t\t\tB\u00f6l\u00fcm Hakk\u0131nda\t\t\t<\/a>\n\t\t\t\t<\/div>\n\t\t\t\t<\/article>\n\t\t\t\t<article class=\"elementor-post elementor-grid-item post-3568 post type-post status-publish format-standard has-post-thumbnail hentry category-soylesiler tag-beril-sarialtun tag-duygu-dalyanoglu tag-evren-balta tag-knin-sesi tag-nihal-albayrak tag-ses-tiyatrosu tag-soylesi tag-suc series-soylesiler\">\n\t\t\t\t<a class=\"elementor-post__thumbnail__link\" href=\"https:\/\/kninsesi.com\/en\/3-sezon-sohbet-asla-yalniz-yurumeyeceksin-evren-balta-ile-sucun-alisilmadik-bicimleri\/\" target=&quot;_blank&quot;>\n\t\t\t<div class=\"elementor-post__thumbnail\"><img width=\"300\" height=\"300\" src=\"https:\/\/kninsesi.com\/wp-content\/uploads\/2022\/05\/Untitled-40-300x300.png\" class=\"attachment-medium size-medium\" alt=\"\" \/><\/div>\n\t\t<\/a>\n\t\t\t\t<div class=\"elementor-post__text\">\n\t\t\t\t<h3 class=\"elementor-post__title\">\n\t\t\t<a href=\"https:\/\/kninsesi.com\/en\/3-sezon-sohbet-asla-yalniz-yurumeyeceksin-evren-balta-ile-sucun-alisilmadik-bicimleri\/\" target=&quot;_blank&quot;>\n\t\t\t\t3. Sezon 6. Sohbet: &#8220;Asla Yaln\u0131z Y\u00fcr\u00fcmeyeceksin: Evren Balta ile Su\u00e7un Al\u0131\u015f\u0131lmad\u0131k Bi\u00e7imleri&#8221;\t\t\t<\/a>\n\t\t<\/h3>\n\t\t\t\t<div class=\"elementor-post__meta-data\">\n\t\t\t\t\t<span class=\"elementor-post-date\">\n\t\t\tMay 18, 2022\t\t<\/span>\n\t\t\t\t<\/div>\n\t\t\t\t<div class=\"elementor-post__excerpt\">\n\t\t\t<p>B\u00f6l\u00fcm\u00fc Podcast Platformlar\u0131ndan Dinlemek \u0130\u00e7in: Spotify Apple Podcast Deezer Bu b\u00f6l\u00fcmde, &#8220;Her su\u00e7 cezaland\u0131r\u0131l\u0131r m\u0131? Her \u015fiddet su\u00e7 olarak tan\u0131mlan\u0131p ceza al\u0131r m\u0131? Toplumsal olarak<\/p>\n\t\t<\/div>\n\t\t\t\t\t<a class=\"elementor-post__read-more\" href=\"https:\/\/kninsesi.com\/en\/3-sezon-sohbet-asla-yalniz-yurumeyeceksin-evren-balta-ile-sucun-alisilmadik-bicimleri\/\" target=\"_blank\">\n\t\t\t\tB\u00f6l\u00fcm Hakk\u0131nda\t\t\t<\/a>\n\t\t\t\t<\/div>\n\t\t\t\t<\/article>\n\t\t\t\t<article class=\"elementor-post elementor-grid-item post-3519 post type-post status-publish format-standard has-post-thumbnail hentry category-soylesiler tag-asli-ildir tag-beril-sarialtun tag-duygu-dalyanoglu tag-femme-fetale tag-film-noir tag-knin-sesi tag-nihal-albayrak tag-ses-tiyatrosu tag-sinema tag-soylesi tag-suc series-soylesiler\">\n\t\t\t\t<a class=\"elementor-post__thumbnail__link\" href=\"https:\/\/kninsesi.com\/en\/3-sezon-5-sohbet-tam-iffetli-olacagim-asli-ildir-ile-sinemada-suc-noir-ve-femme-fetale\/\" target=&quot;_blank&quot;>\n\t\t\t<div class=\"elementor-post__thumbnail\"><img width=\"300\" height=\"300\" src=\"https:\/\/kninsesi.com\/wp-content\/uploads\/2022\/05\/Asli-ildir-300x300.jpg\" class=\"attachment-medium size-medium\" alt=\"\" \/><\/div>\n\t\t<\/a>\n\t\t\t\t<div class=\"elementor-post__text\">\n\t\t\t\t<h3 class=\"elementor-post__title\">\n\t\t\t<a href=\"https:\/\/kninsesi.com\/en\/3-sezon-5-sohbet-tam-iffetli-olacagim-asli-ildir-ile-sinemada-suc-noir-ve-femme-fetale\/\" target=&quot;_blank&quot;>\n\t\t\t\t3. Sezon 5. Sohbet: &#8220;Tam \u0130ffetli Olaca\u011f\u0131m&#8230;: Asl\u0131 Ild\u0131r ile Sinemada Su\u00e7, Noir ve Femme Fetale&#8221;\t\t\t<\/a>\n\t\t<\/h3>\n\t\t\t\t<div class=\"elementor-post__meta-data\">\n\t\t\t\t\t<span class=\"elementor-post-date\">\n\t\t\tMay 11, 2022\t\t<\/span>\n\t\t\t\t<\/div>\n\t\t\t\t<div class=\"elementor-post__excerpt\">\n\t\t\t<p>B\u00f6l\u00fcm\u00fc Podcast Platformlar\u0131ndan Dinlemek \u0130\u00e7in: Spotify Apple Podcast Deezer Su\u00e7 temal\u0131 sezonumuzun bu b\u00f6l\u00fcm\u00fcnde su\u00e7un kurmacada nas\u0131l ele al\u0131nd\u0131\u011f\u0131n\u0131 konu\u015ftuk. Su\u00e7 temas\u0131n\u0131n edebiyatta, sinemada, televizyonda<\/p>\n\t\t<\/div>\n\t\t\t\t\t<a class=\"elementor-post__read-more\" href=\"https:\/\/kninsesi.com\/en\/3-sezon-5-sohbet-tam-iffetli-olacagim-asli-ildir-ile-sinemada-suc-noir-ve-femme-fetale\/\" target=\"_blank\">\n\t\t\t\tB\u00f6l\u00fcm Hakk\u0131nda\t\t\t<\/a>\n\t\t\t\t<\/div>\n\t\t\t\t<\/article>\n\t\t\t\t<article class=\"elementor-post elementor-grid-item post-3494 post type-post status-publish format-standard has-post-thumbnail hentry category-soylesiler tag-arya-zencefil tag-beril-sarialtun tag-cancel-culture tag-ceza tag-dijital-siddet tag-duygu-dalyanoglu tag-iptal-kulturu tag-knin-sesi tag-nihal-albayrak tag-ses-tiyatrosu tag-sosyal-medya tag-soylesi tag-suc tag-tiktok tag-twitch series-soylesiler\">\n\t\t\t\t<a class=\"elementor-post__thumbnail__link\" href=\"https:\/\/kninsesi.com\/en\/3-sezon-4-sohbet-linclesen-de-burdayiz-askim-arya-zencefil-ile-dijital-siddet\/\" target=&quot;_blank&quot;>\n\t\t\t<div class=\"elementor-post__thumbnail\"><img width=\"300\" height=\"300\" src=\"https:\/\/kninsesi.com\/wp-content\/uploads\/2022\/04\/Arya-Zencefil-300x300.png\" class=\"attachment-medium size-medium\" alt=\"\" \/><\/div>\n\t\t<\/a>\n\t\t\t\t<div class=\"elementor-post__text\">\n\t\t\t\t<h3 class=\"elementor-post__title\">\n\t\t\t<a href=\"https:\/\/kninsesi.com\/en\/3-sezon-4-sohbet-linclesen-de-burdayiz-askim-arya-zencefil-ile-dijital-siddet\/\" target=&quot;_blank&quot;>\n\t\t\t\t3. Sezon 4. Sohbet: &#8220;Lin\u00e7lesen de Burday\u0131z A\u015fk\u0131m: Arya Zencefil ile Dijital \u015eiddet&#8221;\t\t\t<\/a>\n\t\t<\/h3>\n\t\t\t\t<div class=\"elementor-post__meta-data\">\n\t\t\t\t\t<span class=\"elementor-post-date\">\n\t\t\tApril 26, 2022\t\t<\/span>\n\t\t\t\t<\/div>\n\t\t\t\t<div class=\"elementor-post__excerpt\">\n\t\t\t<p>B\u00f6l\u00fcm\u00fc Podcast Platformlar\u0131ndan Dinlemek \u0130\u00e7in: Spotify Apple Podcast Deezer Bu b\u00f6l\u00fcmde dijital d\u00fcnyada ger\u00e7ekle\u015fen farkl\u0131 su\u00e7 t\u00fcrlerini, kad\u0131nlar ve kuirler olarak dijital d\u00fcnyada nas\u0131l var<\/p>\n\t\t<\/div>\n\t\t\t\t\t<a class=\"elementor-post__read-more\" href=\"https:\/\/kninsesi.com\/en\/3-sezon-4-sohbet-linclesen-de-burdayiz-askim-arya-zencefil-ile-dijital-siddet\/\" target=\"_blank\">\n\t\t\t\tB\u00f6l\u00fcm Hakk\u0131nda\t\t\t<\/a>\n\t\t\t\t<\/div>\n\t\t\t\t<\/article>\n\t\t\t\t<article class=\"elementor-post elementor-grid-item post-3472 post type-post status-publish format-standard has-post-thumbnail hentry category-soylesiler tag-adalet tag-beril-sarialtun tag-cadilik tag-ceza tag-duygu-dalyanoglu tag-knin-sesi tag-nihal-albayrak tag-sebnem-korur-fincanci tag-ses-tiyatrosu tag-soylesi tag-suc series-soylesiler\">\n\t\t\t\t<a class=\"elementor-post__thumbnail__link\" href=\"https:\/\/kninsesi.com\/en\/3-sezon-3-sohbet-erkek-adalet-degil-gercek-adalet-sebnem-korur-fincanci-ile-adli-tip\/\" target=&quot;_blank&quot;>\n\t\t\t<div class=\"elementor-post__thumbnail\"><img width=\"300\" height=\"300\" src=\"https:\/\/kninsesi.com\/wp-content\/uploads\/2022\/04\/1BE669B7-4C57-4ABF-9399-C808EBDA21A3-300x300.jpg\" class=\"attachment-medium size-medium\" alt=\"\" \/><\/div>\n\t\t<\/a>\n\t\t\t\t<div class=\"elementor-post__text\">\n\t\t\t\t<h3 class=\"elementor-post__title\">\n\t\t\t<a href=\"https:\/\/kninsesi.com\/en\/3-sezon-3-sohbet-erkek-adalet-degil-gercek-adalet-sebnem-korur-fincanci-ile-adli-tip\/\" target=&quot;_blank&quot;>\n\t\t\t\t3. Sezon 3. Sohbet: &#8220;Erkek Adalet De\u011fil Ger\u00e7ek Adalet: \u015eebnem Korur Fincanc\u0131 ile Adli T\u0131p&#8221;\t\t\t<\/a>\n\t\t<\/h3>\n\t\t\t\t<div class=\"elementor-post__meta-data\">\n\t\t\t\t\t<span class=\"elementor-post-date\">\n\t\t\tApril 19, 2022\t\t<\/span>\n\t\t\t\t<\/div>\n\t\t\t\t<div class=\"elementor-post__excerpt\">\n\t\t\t<p>B\u00f6l\u00fcm\u00fc Podcast Platformlar\u0131ndan Dinlemek \u0130\u00e7in: Spotify Apple Podcast Deezer Bu b\u00f6l\u00fcmde cinayete maruz kalan kad\u0131nlar\u0131 ve adalet s\u00fcre\u00e7lerini ele al\u0131yoruz. Kad\u0131n cinayetlerinde ve nefret cinayetlerinde<\/p>\n\t\t<\/div>\n\t\t\t\t\t<a class=\"elementor-post__read-more\" href=\"https:\/\/kninsesi.com\/en\/3-sezon-3-sohbet-erkek-adalet-degil-gercek-adalet-sebnem-korur-fincanci-ile-adli-tip\/\" target=\"_blank\">\n\t\t\t\tB\u00f6l\u00fcm Hakk\u0131nda\t\t\t<\/a>\n\t\t\t\t<\/div>\n\t\t\t\t<\/article>\n\t\t\t\t<\/div>\n\n\n\t\t\n\t\t\t\t<\/div>\n\t\t\t\t<\/div>\n\t\t\t\t\t\t<\/div>\n\t\t\t\t\t<\/div>\n\t\t<\/div>\n\t\t\t\t\t\t\t\t<\/div>\n\t\t\t\t\t<\/div>\n\t\t<\/section>\n\t\t\t\t<section class=\"elementor-section elementor-top-section elementor-element elementor-element-ae05a46 elementor-section-boxed elementor-section-height-default elementor-section-height-default\" data-id=\"ae05a46\" data-element_type=\"section\">\n\t\t\t\t\t\t<div class=\"elementor-container elementor-column-gap-default\">\n\t\t\t\t\t\t\t<div class=\"elementor-row\">\n\t\t\t\t\t<div class=\"elementor-column elementor-col-100 elementor-top-column elementor-element elementor-element-0f9e58c\" data-id=\"0f9e58c\" data-element_type=\"column\">\n\t\t\t<div class=\"elementor-column-wrap elementor-element-populated\">\n\t\t\t\t\t\t\t<div class=\"elementor-widget-wrap\">\n\t\t\t\t\t\t<div class=\"elementor-element elementor-element-8b4684c elementor-widget elementor-widget-spacer\" data-id=\"8b4684c\" data-element_type=\"widget\" data-widget_type=\"spacer.default\">\n\t\t\t\t<div class=\"elementor-widget-container\">\n\t\t\t\t\t<div class=\"elementor-spacer\">\n\t\t\t<div class=\"elementor-spacer-inner\"><\/div>\n\t\t<\/div>\n\t\t\t\t<\/div>\n\t\t\t\t<\/div>\n\t\t\t\t\t\t<\/div>\n\t\t\t\t\t<\/div>\n\t\t<\/div>\n\t\t\t\t\t\t\t\t<\/div>\n\t\t\t\t\t<\/div>\n\t\t<\/section>\n\t\t\t\t<section class=\"elementor-section elementor-top-section elementor-element elementor-element-3ef948a elementor-section-boxed elementor-section-height-default elementor-section-height-default\" data-id=\"3ef948a\" data-element_type=\"section\">\n\t\t\t\t\t\t<div class=\"elementor-container elementor-column-gap-default\">\n\t\t\t\t\t\t\t<div class=\"elementor-row\">\n\t\t\t\t\t<div class=\"elementor-column elementor-col-100 elementor-top-column elementor-element elementor-element-ea4310a\" data-id=\"ea4310a\" data-element_type=\"column\">\n\t\t\t<div class=\"elementor-column-wrap elementor-element-populated\">\n\t\t\t\t\t\t\t<div class=\"elementor-widget-wrap\">\n\t\t\t\t\t\t<div class=\"elementor-element elementor-element-7acaba3 elementor-flip-box--effect-flip elementor-flip-box--direction-up elementor-widget elementor-widget-flip-box\" data-id=\"7acaba3\" data-element_type=\"widget\" data-widget_type=\"flip-box.default\">\n\t\t\t\t<div class=\"elementor-widget-container\">\n\t\t\t\t\t<div class=\"elementor-flip-box\">\n\t\t\t<div class=\"elementor-flip-box__layer elementor-flip-box__front\">\n\t\t\t\t<div class=\"elementor-flip-box__layer__overlay\">\n\t\t\t\t\t<div class=\"elementor-flip-box__layer__inner\">\n\t\t\t\t\t\t\t\t\t\t\t\t\t<div class=\"elementor-icon-wrapper elementor-view-default\">\n\t\t\t\t\t\t\t\t<div class=\"elementor-icon\">\n\t\t\t\t\t\t\t\t\t<i class=\"fas fa-microphone\"><\/i>\t\t\t\t\t\t\t\t<\/div>\n\t\t\t\t\t\t\t<\/div>\n\t\t\t\t\t\t\n\t\t\t\t\t\t\t\t\t\t\t\t\t<h3 class=\"elementor-flip-box__layer__title\">\n\t\t\t\t\t\t\t\tB\u00fct\u00fcn B\u00f6l\u00fcmler\t\t\t\t\t\t\t<\/h3>\n\t\t\t\t\t\t\n\t\t\t\t\t\t\t\t\t\t\t\t\t<div class=\"elementor-flip-box__layer__description\">\n\t\t\t\t\t\t\t\tB\u00f6l\u00fcm ar\u015fivine ula\u015fmak i\u00e7in\t\t\t\t\t\t\t<\/div>\n\t\t\t\t\t\t\t\t\t\t\t<\/div>\n\t\t\t\t<\/div>\n\t\t\t<\/div>\n\t\t\t<div class=\"elementor-flip-box__layer elementor-flip-box__back\">\n\t\t\t<div class=\"elementor-flip-box__layer__overlay\">\n\t\t\t\t<div class=\"elementor-flip-box__layer__inner\">\n\t\t\t\t\t\t\t\t\t\t\t<h3 class=\"elementor-flip-box__layer__title\">\n\t\t\t\t\t\t\tB\u00fct\u00fcn b\u00f6l\u00fcmler\t\t\t\t\t\t<\/h3>\n\t\t\t\t\t\n\t\t\t\t\t\t\t\t\t\t\t<div class=\"elementor-flip-box__layer__description\">\n\t\t\t\t\t\t\tB\u00f6l\u00fcm ar\u015fivine ula\u015fmak i\u00e7in\t\t\t\t\t\t<\/div>\n\t\t\t\t\t\n\t\t\t\t\t\t\t\t\t\t\t<a class=\"elementor-flip-box__button elementor-button elementor-size-sm\" href=\"https:\/\/kninsesi.com\/en\/bolum-listesi\/\">\n\t\t\t\t\t\t\tT\u0131klay\u0131n\t\t\t\t\t\t<\/a>\n\t\t\t\t\t\t\t\t<\/div>\n\t\t<\/div>\n\t\t<\/div>\n\t\t<\/div>\n\t\t\t\t<\/div>\n\t\t\t\t<\/div>\n\t\t\t\t\t\t<\/div>\n\t\t\t\t\t<\/div>\n\t\t<\/div>\n\t\t\t\t\t\t\t\t<\/div>\n\t\t\t\t\t<\/div>\n\t\t<\/section>\n\t\t\t\t<section class=\"elementor-section elementor-top-section elementor-element elementor-element-94cbf54 elementor-section-boxed elementor-section-height-default elementor-section-height-default\" data-id=\"94cbf54\" data-element_type=\"section\">\n\t\t\t\t\t\t<div class=\"elementor-container elementor-column-gap-default\">\n\t\t\t\t\t\t\t<div class=\"elementor-row\">\n\t\t\t\t\t<div class=\"elementor-column elementor-col-100 elementor-top-column elementor-element elementor-element-d59ad4d\" data-id=\"d59ad4d\" data-element_type=\"column\">\n\t\t\t<div class=\"elementor-column-wrap\">\n\t\t\t\t\t\t\t<div class=\"elementor-widget-wrap\">\n\t\t\t\t\t\t\t\t<\/div>\n\t\t\t\t\t<\/div>\n\t\t<\/div>\n\t\t\t\t\t\t\t\t<\/div>\n\t\t\t\t\t<\/div>\n\t\t<\/section>\n\t\t\t\t<section class=\"elementor-section elementor-top-section elementor-element elementor-element-637bef9 elementor-section-boxed elementor-section-height-default elementor-section-height-default\" data-id=\"637bef9\" data-element_type=\"section\">\n\t\t\t\t\t\t<div class=\"elementor-container elementor-column-gap-default\">\n\t\t\t\t\t\t\t<div class=\"elementor-row\">\n\t\t\t\t\t<div class=\"elementor-column elementor-col-100 elementor-top-column elementor-element elementor-element-f63c8ed\" data-id=\"f63c8ed\" data-element_type=\"column\">\n\t\t\t<div class=\"elementor-column-wrap elementor-element-populated\">\n\t\t\t\t\t\t\t<div class=\"elementor-widget-wrap\">\n\t\t\t\t\t\t<div class=\"elementor-element elementor-element-bd67427 elementor-widget elementor-widget-wp-widget-podcast_player_widget\" data-id=\"bd67427\" data-element_type=\"widget\" data-widget_type=\"wp-widget-podcast_player_widget.default\">\n\t\t\t\t<div class=\"elementor-widget-container\">\n\t\t\t\t\t\t<style type=\"text\/css\"><\/style>\n\t\t\t<div id=\"pp-podcast-3890\" class=\"pp-podcast has-header header-hidden has-featured legacy special-style playerview media-audio\"  data-elength=\"18\" data-eunit=\"\" data-ppsdata=\"{&quot;ppe-3890-1&quot;:{&quot;title&quot;:&quot;3. Sezon 8. Sohbet: &#8221;Hayat Bir M\\u00fccadele: I\\u015f\\u0131n Eli\\u00e7in ile Medyada Adalet&#8221;&quot;,&quot;description&quot;:&quot;&lt;p&gt;Su\\u00e7 ve adalet temalar\\u0131na odakland\\u0131\\u011f\\u0131m\\u0131z s\\u00f6yle\\u015fi serimizin son b\\u00f6l\\u00fcm\\u00fcnde bas\\u0131n \\u00f6zg\\u00fcrl\\u00fc\\u011f\\u00fcn\\u00fc ve haber alma \\u00f6zg\\u00fcrl\\u00fc\\u011f\\u00fcn\\u00fc konu\\u015ftuk. Konu\\u011fumuz gazeteci I\\u015f\\u0131n Eli\\u00e7in ile birlikte hem g\\u00fcn\\u00fcm\\u00fczde gazetecili\\u011fin s\\u0131n\\u0131rlar\\u0131n\\u0131 hem de kendi gazetecilik yolculu\\u011funu ele ald\\u0131k.&lt;\\\/p&gt;\\n&lt;p&gt;&lt;strong&gt;S\\u00f6yle\\u015fi: &lt;\\\/strong&gt;Beril Sar\\u0131altun, Duygu Dalyano\\u011flu&lt;\\\/p&gt;\\n&lt;p&gt;&lt;strong&gt;Edit\\u00f6r:&lt;\\\/strong&gt; Beril Sar\\u0131altun&lt;\\\/p&gt;\\n&lt;p&gt;&lt;strong&gt;M\\u00fczik, Ses Kurgu ve Miks:&lt;\\\/strong&gt; Beril Sar\\u0131altun&lt;\\\/p&gt;\\n&lt;p&gt;&lt;strong&gt;Proje Asistan\\u0131: &lt;\\\/strong&gt;Beg\\u00fcm \\u015eeng\\u00fcl&lt;\\\/p&gt;\\n&lt;p&gt;&lt;strong&gt;Kay\\u0131t St\\u00fcdyosu:&lt;\\\/strong&gt; Postane St\\u00fcdyo&lt;\\\/p&gt;\\n&lt;p&gt;&lt;strong&gt;G\\u00f6rsel Tasar\\u0131m ve Uygulama:&lt;\\\/strong&gt; Dilek \\u015eeny\\u00fcrek&lt;\\\/p&gt;\\n&lt;p&gt;&lt;strong&gt;\\u0130leti\\u015fim Koordinat\\u00f6r\\u00fc:&lt;\\\/strong&gt; Nihal Albayrak&lt;\\\/p&gt;\\n&lt;p&gt;*Bu b\\u00f6l\\u00fcm Avrupa Birli\\u011fi Sivil D\\u00fc\\u015f\\u00fcn Program\\u0131 kapsam\\u0131nda Avrupa Birli\\u011fi deste\\u011fi ile haz\\u0131rlanm\\u0131\\u015ft\\u0131r. \\u0130\\u00e7eri\\u011fin sorumlulu\\u011fu tamam\\u0131yla K\\u2019n\\u0131n Sesi\\u2019ne aittir ve AB\\u2019nin g\\u00f6r\\u00fc\\u015flerini yans\\u0131tmamaktad\\u0131r.&lt;\\\/p&gt;\\n&lt;p&gt;&lt;a href=\\&quot;http:\\\/\\\/instagram.com\\\/knin_sesi\\&quot;&gt;instagram.com\\\/knin_sesi&lt;\\\/a&gt;&lt;\\\/p&gt;\\n&lt;p&gt;&lt;a href=\\&quot;http:\\\/\\\/facebook.com\\\/kninsesi\\&quot;&gt;&lt;u&gt;facebook.com\\\/kninsesi&lt;\\\/u&gt;&lt;\\\/a&gt;&lt;\\\/p&gt;\\n&lt;p&gt;&lt;a href=\\&quot;http:\\\/\\\/twitter.com\\\/kninsesipodcast\\&quot;&gt;&lt;u&gt;twitter.com\\\/kninsesipodcast&lt;\\\/u&gt;&lt;\\\/a&gt;&lt;\\\/p&gt;\\n&lt;p&gt;&lt;a href=\\&quot;http:\\\/\\\/www.kninsesi.com\\\/\\&quot;&gt;&lt;u&gt;www.kninsesi.com&lt;\\\/u&gt;&lt;\\\/a&gt;&lt;\\\/p&gt;\\n&quot;,&quot;author&quot;:&quot;K&#039;n\\u0131n Sesi&quot;,&quot;date&quot;:&quot;June 1, 2022&quot;,&quot;link&quot;:&quot;https:\\\/\\\/podcasters.spotify.com\\\/pod\\\/show\\\/knin-sesi\\\/episodes\\\/3--Sezon-8--Sohbet-Hayat-Bir-Mcadele-In-Eliin-ile-Medyada-Adalet-e1jbosa&quot;,&quot;src&quot;:&quot;https:\\\/\\\/anchor.fm\\\/s\\\/26d82dc4\\\/podcast\\\/play\\\/52863306\\\/https%3A%2F%2Fd3ctxlq1ktw2nl.cloudfront.net%2Fstaging%2F2022-5-1%2F269130979-44100-2-0ca92b24fa03e.m4a&quot;,&quot;featured&quot;:&quot;https:\\\/\\\/kninsesi.com\\\/wp-content\\\/uploads\\\/2022\\\/06\\\/6417017-1654070345590-6f683cd39e956-768x768.jpg&quot;,&quot;mediatype&quot;:&quot;audio&quot;,&quot;featured_id&quot;:3640,&quot;key&quot;:&quot;5f0a1ff1a7eab3d2d59b1ffbd763c37c&quot;,&quot;fset&quot;:&quot;https:\\\/\\\/kninsesi.com\\\/wp-content\\\/uploads\\\/2022\\\/06\\\/6417017-1654070345590-6f683cd39e956-768x768.jpg 768w, https:\\\/\\\/kninsesi.com\\\/wp-content\\\/uploads\\\/2022\\\/06\\\/6417017-1654070345590-6f683cd39e956-300x300.jpg 300w, https:\\\/\\\/kninsesi.com\\\/wp-content\\\/uploads\\\/2022\\\/06\\\/6417017-1654070345590-6f683cd39e956-1024x1024.jpg 1024w, https:\\\/\\\/kninsesi.com\\\/wp-content\\\/uploads\\\/2022\\\/06\\\/6417017-1654070345590-6f683cd39e956-150x150.jpg 150w, https:\\\/\\\/kninsesi.com\\\/wp-content\\\/uploads\\\/2022\\\/06\\\/6417017-1654070345590-6f683cd39e956-1536x1536.jpg 1536w, https:\\\/\\\/kninsesi.com\\\/wp-content\\\/uploads\\\/2022\\\/06\\\/6417017-1654070345590-6f683cd39e956-2048x2048.jpg 2048w, https:\\\/\\\/kninsesi.com\\\/wp-content\\\/uploads\\\/2022\\\/06\\\/6417017-1654070345590-6f683cd39e956-12x12.jpg 12w, https:\\\/\\\/kninsesi.com\\\/wp-content\\\/uploads\\\/2022\\\/06\\\/6417017-1654070345590-6f683cd39e956-800x800.jpg 800w, https:\\\/\\\/kninsesi.com\\\/wp-content\\\/uploads\\\/2022\\\/06\\\/6417017-1654070345590-6f683cd39e956-400x400.jpg 400w&quot;},&quot;ppe-3890-2&quot;:{&quot;title&quot;:&quot;3. Sezon 7. Sohbet: &#8221;Ne Yanl\\u0131\\u015f\\u0131z Ne Yaln\\u0131z: \\u00c7i\\u011fdem \\u015eim\\u015fek ile Damgalama ve HIV&#8221;&quot;,&quot;description&quot;:&quot;&lt;p&gt;Bu sefer su\\u00e7 kavram\\u0131 daha farkl\\u0131 bir yerden g\\u00fcndemimizde: birilerini potansiyel su\\u00e7lu olarak g\\u00f6rme haline bakt\\u0131k. Damgalamay\\u0131, etiketlemeyi di\\u011fer bir deyi\\u015fle stigmatizasyonu konu\\u015ftuk. Toplum taraf\\u0131ndan kimler etiketlenir? Damgalamaya en \\u00e7ok maruz kalanlar kimdir? Neden kad\\u0131nlar daha \\u00e7ok etiketlenir? sorular\\u0131n\\u0131n cevab\\u0131n\\u0131 arad\\u0131k. Toplum i\\u00e7inde en \\u00e7ok \\u00f6nyarg\\u0131ya maruz kalan ve t\\u00fcrl\\u00fc \\u00e7e\\u015fit ayr\\u0131mc\\u0131l\\u0131\\u011fa u\\u011fray\\u0131p en \\u00e7ok etiketlenen ki\\u015filer, HIV ile ya\\u015fayanlar oldu\\u011fu i\\u00e7in bu konuyu HIV Aktivisti, Pozitif \\u0130z Derne\\u011fi kurucu \\u00fcyelerinden ve bu alanda pek \\u00e7ok kampanyan\\u0131n g\\u00f6n\\u00fcll\\u00fcs\\u00fc \\u00c7i\\u011fdem \\u015eim\\u015fek ile konu\\u015ftuk.&lt;\\\/p&gt;\\n&lt;p&gt;&lt;strong&gt;S\\u00f6yle\\u015fi:&lt;\\\/strong&gt; Duygu Dalyano\\u011flu, Nihal Albayrak&lt;br \\\/&gt;\\n&lt;strong&gt;Edit\\u00f6r: &lt;\\\/strong&gt;Nihal Albayrak&lt;br \\\/&gt;\\n&lt;strong&gt;M\\u00fczik, Ses Kurgu ve Miks&lt;\\\/strong&gt;: Beril Sar\\u0131altun&lt;br \\\/&gt;\\n&lt;strong&gt;Proje Asistan\\u0131:&lt;\\\/strong&gt; Beg\\u00fcm \\u015eeng\\u00fcl&lt;br \\\/&gt;\\n&lt;strong&gt;Kay\\u0131t St\\u00fcdyosu:&lt;\\\/strong&gt; Postane St\\u00fcdyo&lt;br \\\/&gt;\\n&lt;strong&gt;G\\u00f6rsel Tasar\\u0131m ve Uygulama:&lt;\\\/strong&gt; Dilek \\u015eeny\\u00fcrek&lt;br \\\/&gt;\\n&lt;strong&gt;\\u0130leti\\u015fim Koordinat\\u00f6r\\u00fc:&lt;\\\/strong&gt; Nihal Albayrak&lt;\\\/p&gt;\\n&lt;p&gt;&lt;strong&gt;B\\u00f6l\\u00fcmde bahsi ge\\u00e7en linkler:&lt;\\\/strong&gt;&lt;br \\\/&gt;\\nPozitifiz derne\\u011fi:&lt;br \\\/&gt;\\n&lt;a href=\\&quot;https:\\\/\\\/www.pozitifiz.org\\\/\\&quot; rel=\\&quot;noopener noreferrer\\&quot; target=\\&quot;_blank\\&quot;&gt;https:\\\/\\\/www.pozitifiz.org\\\/&lt;\\\/a&gt;&lt;br \\\/&gt;\\n\\u00dccretsiz test merkezleri:&lt;br \\\/&gt;\\n&lt;a href=\\&quot;https:\\\/\\\/www.pozitifiz.org\\\/post\\\/nerede-anonim-ve-ucretsiz-hiv-testi-yaptirabilirsiniz\\&quot; rel=\\&quot;noopener noreferrer\\&quot; target=\\&quot;_blank\\&quot;&gt;https:\\\/\\\/www.pozitifiz.org\\\/post\\\/nerede-anonim-ve-ucretsiz-hiv-testi-yaptirabilirsiniz&lt;\\\/a&gt;&lt;br \\\/&gt;\\nFilm \\u00d6nerileri:&lt;br \\\/&gt;\\n&lt;a href=\\&quot;https:\\\/\\\/www.kirmizikurdele.org\\\/amp\\\/herkesin-izlemesi-gereken-hiv-ve-aids-temal%C4%B1-6-harika-film\\&quot; rel=\\&quot;noopener noreferrer\\&quot; target=\\&quot;_blank\\&quot;&gt;https:\\\/\\\/www.kirmizikurdele.org\\\/amp\\\/herkesin-izlemesi-gereken-hiv-ve-aids-temal\\u0131-6-harika-film&lt;\\\/a&gt;&lt;br \\\/&gt;\\nAidsli \\u0130\\u011fne kitab\\u0131:&lt;br \\\/&gt;\\n&lt;a href=\\&quot;https:\\\/\\\/kaosgldernegi.org\\\/images\\\/library\\\/aidsli-ig-ne-web.pdf\\&quot; rel=\\&quot;noopener noreferrer\\&quot; target=\\&quot;_blank\\&quot;&gt;https:\\\/\\\/kaosgldernegi.org\\\/images\\\/library\\\/aidsli-ig-ne-web.pdf&lt;\\\/a&gt;*Bu b\\u00f6l\\u00fcm Avrupa Birli\\u011fi Sivil D\\u00fc\\u015f\\u00fcn Program\\u0131 kapsam\\u0131nda Avrupa Birli\\u011fi deste\\u011fi ile haz\\u0131rlanm\\u0131\\u015ft\\u0131r. \\u0130\\u00e7eri\\u011fin sorumlulu\\u011fu tamam\\u0131yla K\\u2019n\\u0131n Sesi\\u2019ne aittir ve AB\\u2019nin g\\u00f6r\\u00fc\\u015flerini yans\\u0131tmamaktad\\u0131r.&lt;a href=\\&quot;http:\\\/\\\/instagram.com\\\/knin_sesi\\&quot; rel=\\&quot;noopener noreferrer\\&quot; target=\\&quot;_blank\\&quot;&gt;instagram.com\\\/knin_sesi&lt;\\\/a&gt;&lt;br \\\/&gt;\\n&lt;a href=\\&quot;http:\\\/\\\/facebook.com\\\/kninsesi\\&quot; rel=\\&quot;noopener noreferrer\\&quot; target=\\&quot;_blank\\&quot;&gt;facebook.com\\\/kninsesi&lt;\\\/a&gt;&lt;br \\\/&gt;\\n&lt;a href=\\&quot;http:\\\/\\\/twitter.com\\\/kninsesipodcast\\&quot; rel=\\&quot;noopener noreferrer\\&quot; target=\\&quot;_blank\\&quot;&gt;twitter.com\\\/kninsesipodcast&lt;\\\/a&gt;&lt;br \\\/&gt;\\n&lt;a href=\\&quot;http:\\\/\\\/www.kninsesi.com\\\/\\&quot; rel=\\&quot;noopener noreferrer\\&quot; target=\\&quot;_blank\\&quot;&gt;www.kninsesi.com&lt;\\\/a&gt;&lt;\\\/p&gt;\\n&quot;,&quot;author&quot;:&quot;K&#039;n\\u0131n Sesi&quot;,&quot;date&quot;:&quot;May 25, 2022&quot;,&quot;link&quot;:&quot;https:\\\/\\\/podcasters.spotify.com\\\/pod\\\/show\\\/knin-sesi\\\/episodes\\\/3--Sezon-7--Sohbet-Ne-Yanlz-Ne-Yalnz-idem-imek-ile-Damgalama-ve-HIV-e1j26qf&quot;,&quot;src&quot;:&quot;https:\\\/\\\/anchor.fm\\\/s\\\/26d82dc4\\\/podcast\\\/play\\\/52549903\\\/https%3A%2F%2Fd3ctxlq1ktw2nl.cloudfront.net%2Fstaging%2F2022-4-25%2F267802733-44100-2-410a320825521.m4a&quot;,&quot;featured&quot;:&quot;https:\\\/\\\/kninsesi.com\\\/wp-content\\\/uploads\\\/2022\\\/06\\\/6417017-1653489661694-f925187505a4d-768x768.jpg&quot;,&quot;mediatype&quot;:&quot;audio&quot;,&quot;featured_id&quot;:3641,&quot;key&quot;:&quot;fa28f6795e9668277503043706cc0cc5&quot;,&quot;fset&quot;:&quot;https:\\\/\\\/kninsesi.com\\\/wp-content\\\/uploads\\\/2022\\\/06\\\/6417017-1653489661694-f925187505a4d-768x768.jpg 768w, https:\\\/\\\/kninsesi.com\\\/wp-content\\\/uploads\\\/2022\\\/06\\\/6417017-1653489661694-f925187505a4d-300x300.jpg 300w, https:\\\/\\\/kninsesi.com\\\/wp-content\\\/uploads\\\/2022\\\/06\\\/6417017-1653489661694-f925187505a4d-1024x1024.jpg 1024w, https:\\\/\\\/kninsesi.com\\\/wp-content\\\/uploads\\\/2022\\\/06\\\/6417017-1653489661694-f925187505a4d-150x150.jpg 150w, https:\\\/\\\/kninsesi.com\\\/wp-content\\\/uploads\\\/2022\\\/06\\\/6417017-1653489661694-f925187505a4d-1536x1536.jpg 1536w, https:\\\/\\\/kninsesi.com\\\/wp-content\\\/uploads\\\/2022\\\/06\\\/6417017-1653489661694-f925187505a4d-2048x2048.jpg 2048w, https:\\\/\\\/kninsesi.com\\\/wp-content\\\/uploads\\\/2022\\\/06\\\/6417017-1653489661694-f925187505a4d-12x12.jpg 12w, https:\\\/\\\/kninsesi.com\\\/wp-content\\\/uploads\\\/2022\\\/06\\\/6417017-1653489661694-f925187505a4d-800x800.jpg 800w, https:\\\/\\\/kninsesi.com\\\/wp-content\\\/uploads\\\/2022\\\/06\\\/6417017-1653489661694-f925187505a4d-400x400.jpg 400w&quot;},&quot;ppe-3890-3&quot;:{&quot;title&quot;:&quot;3. Sezon 6. Sohbet: &#8221;Asla Yaln\\u0131z Y\\u00fcr\\u00fcmeyeceksin: Evren Balta ile Su\\u00e7un Al\\u0131\\u015f\\u0131lmad\\u0131k Bi\\u00e7imleri&#8221;&quot;,&quot;description&quot;:&quot;&lt;p&gt;Bu b\\u00f6l\\u00fcmde, &#8220;Her su\\u00e7 cezaland\\u0131r\\u0131l\\u0131r m\\u0131? Her \\u015fiddet su\\u00e7 olarak tan\\u0131mlan\\u0131p ceza al\\u0131r m\\u0131? Toplumsal olarak kabul g\\u00f6rm\\u00fc\\u015f baz\\u0131 davran\\u0131\\u015flar, zaman zaman rit\\u00fcel haline gelmi\\u015f al\\u0131\\u015fkanl\\u0131klar belli gruplar\\u0131n zarar g\\u00f6rmesine sebep olursa ne olur?&#8221; gibi sorular\\u0131n pe\\u015fine d\\u00fc\\u015ft\\u00fck. Akademisyen Evren Balta ile \\u015fiddet t\\u00fcrlerini, a\\u011f\\u0131rl\\u0131kl\\u0131 olarak yap\\u0131sal \\u015fiddeti konu\\u015ftuk.&nbsp;&lt;\\\/p&gt;\\n&lt;p&gt;S\\u00f6yle\\u015fi: Beril Sar\\u0131altun, Nihal Albayrak&nbsp;&lt;\\\/p&gt;\\n&lt;p&gt;Edit\\u00f6r: Beril Sar\\u0131altun, Nihal Albayrak&nbsp;&lt;\\\/p&gt;\\n&lt;p&gt;M\\u00fczik, Ses Kurgu ve Miks: Beril Sar\\u0131altun&nbsp;&lt;\\\/p&gt;\\n&lt;p&gt;Proje Asistan\\u0131: Beg\\u00fcm \\u015eeng\\u00fcl&nbsp;&lt;\\\/p&gt;\\n&lt;p&gt;Kay\\u0131t St\\u00fcdyosu: Postane St\\u00fcdyo&nbsp;&lt;\\\/p&gt;\\n&lt;p&gt;G\\u00f6rsel Tasar\\u0131m ve Uygulama: Dilek \\u015eeny\\u00fcrek&nbsp;&lt;\\\/p&gt;\\n&lt;p&gt;\\u0130leti\\u015fim Koordinat\\u00f6r\\u00fc: Nihal Albayrak&lt;\\\/p&gt;\\n&lt;p&gt;*Bu b\\u00f6l\\u00fcm Avrupa Birli\\u011fi Sivil D\\u00fc\\u015f\\u00fcn Program\\u0131 kapsam\\u0131nda Avrupa Birli\\u011fi deste\\u011fi ile haz\\u0131rlanm\\u0131\\u015ft\\u0131r. \\u0130\\u00e7eri\\u011fin sorumlulu\\u011fu tamam\\u0131yla K\\u2019n\\u0131n Sesi\\u2019ne aittir ve AB\\u2019nin g\\u00f6r\\u00fc\\u015flerini yans\\u0131tmamaktad\\u0131r.&nbsp;&lt;\\\/p&gt;\\n&lt;p&gt;instagram.com\\\/knin_sesi&nbsp;&lt;\\\/p&gt;\\n&lt;p&gt;facebook.com\\\/kninsesi&nbsp;&lt;\\\/p&gt;\\n&lt;p&gt;twitter.com\\\/kninsesipodcast&nbsp;&lt;\\\/p&gt;\\n&lt;p&gt;www.kninsesi.com&lt;\\\/p&gt;\\n&quot;,&quot;author&quot;:&quot;K&#039;n\\u0131n Sesi&quot;,&quot;date&quot;:&quot;May 18, 2022&quot;,&quot;link&quot;:&quot;https:\\\/\\\/podcasters.spotify.com\\\/pod\\\/show\\\/knin-sesi\\\/episodes\\\/3--Sezon-6--Sohbet-Asla-Yalnz-Yrmeyeceksin-Evren-Balta-ile-Suun-Allmadk-Biimleri-e1imkqc&quot;,&quot;src&quot;:&quot;https:\\\/\\\/anchor.fm\\\/s\\\/26d82dc4\\\/podcast\\\/play\\\/52171020\\\/https%3A%2F%2Fd3ctxlq1ktw2nl.cloudfront.net%2Fstaging%2F2022-4-18%2F266282366-44100-2-7bb107f17b222.m4a&quot;,&quot;featured&quot;:&quot;https:\\\/\\\/kninsesi.com\\\/wp-content\\\/uploads\\\/2022\\\/06\\\/6417017-1652858753099-a8b9dc8f83cbb.jpg&quot;,&quot;mediatype&quot;:&quot;audio&quot;,&quot;featured_id&quot;:3751,&quot;key&quot;:&quot;f26e5b1d4417dd87a4081bdac124dd4f&quot;,&quot;fset&quot;:&quot;https:\\\/\\\/kninsesi.com\\\/wp-content\\\/uploads\\\/2022\\\/06\\\/6417017-1652858753099-a8b9dc8f83cbb.jpg 400w, https:\\\/\\\/kninsesi.com\\\/wp-content\\\/uploads\\\/2022\\\/06\\\/6417017-1652858753099-a8b9dc8f83cbb-300x300.jpg 300w, https:\\\/\\\/kninsesi.com\\\/wp-content\\\/uploads\\\/2022\\\/06\\\/6417017-1652858753099-a8b9dc8f83cbb-150x150.jpg 150w, https:\\\/\\\/kninsesi.com\\\/wp-content\\\/uploads\\\/2022\\\/06\\\/6417017-1652858753099-a8b9dc8f83cbb-12x12.jpg 12w&quot;},&quot;ppe-3890-4&quot;:{&quot;title&quot;:&quot;3. Sezon 5. Sohbet: &#8221;Tam \\u0130ffetli Olaca\\u011f\\u0131m&#8230;: Asl\\u0131 Ild\\u0131r ile Sinemada Su\\u00e7, Noir ve Femme Fetale&#8221;&quot;,&quot;description&quot;:&quot;&lt;p&gt;Su\\u00e7 temal\\u0131 sezonumuzun bu b\\u00f6l\\u00fcm\\u00fcnde su\\u00e7un kurmacada nas\\u0131l ele al\\u0131nd\\u0131\\u011f\\u0131n\\u0131 konu\\u015ftuk. Su\\u00e7 temas\\u0131n\\u0131n edebiyatta, sinemada, televizyonda \\u00fcretilen eserlere nas\\u0131l ilham verdi\\u011fini tart\\u0131\\u015ft\\u0131rken \\u201ckad\\u0131nlar ve kuirler bu i\\u015fin neresinde\\u201d sorusunu sorduk. Bu sorununun pe\\u015finden giderken sinemay\\u0131 ve televizyonu merkezimize koyduk ve konuyu sinema ele\\u015ftirmeni Asl\\u0131 Ild\\u0131r ile beraber ele ald\\u0131k.&nbsp;&lt;\\\/p&gt;\\n&lt;p&gt;S\\u00f6yle\\u015fi: Beril Sar\\u0131altun, Duygu Dalyano\\u011flu&nbsp;&lt;\\\/p&gt;\\n&lt;p&gt;Edit\\u00f6r: Duygu Dalyano\\u011flu&nbsp;&lt;\\\/p&gt;\\n&lt;p&gt;M\\u00fczik, Ses Kurgu ve Miks: Beril Sar\\u0131altun&nbsp;&lt;\\\/p&gt;\\n&lt;p&gt;Proje Asistan\\u0131: Beg\\u00fcm \\u015eeng\\u00fcl&nbsp;&lt;\\\/p&gt;\\n&lt;p&gt;Kay\\u0131t St\\u00fcdyosu: Postane St\\u00fcdyo&nbsp;&lt;\\\/p&gt;\\n&lt;p&gt;G\\u00f6rsel Tasar\\u0131m ve Uygulama: Dilek \\u015eeny\\u00fcrek&nbsp;&lt;\\\/p&gt;\\n&lt;p&gt;\\u0130leti\\u015fim Koordinat\\u00f6r\\u00fc: Nihal Albayrak&lt;\\\/p&gt;\\n&lt;p&gt;B\\u00f6l\\u00fcmde bahsi ge\\u00e7en film ve diziler: Double Indemnity (\\u00c7ifte Tazminat), 1944 Cristopher Strong, 1933 Promising Young Woman (Yetenekli Gen\\u00e7 Kad\\u0131n), 2020 Mare of Easttown, 2021 Behzat \\u00c7., 2010 \\u015eahsiyet, 2018 Yarg\\u0131, 2021&nbsp;&lt;\\\/p&gt;\\n&lt;p&gt;*Bu b\\u00f6l\\u00fcm Avrupa Birli\\u011fi Sivil D\\u00fc\\u015f\\u00fcn Program\\u0131 kapsam\\u0131nda Avrupa Birli\\u011fi deste\\u011fi ile haz\\u0131rlanm\\u0131\\u015ft\\u0131r. \\u0130\\u00e7eri\\u011fin sorumlulu\\u011fu tamam\\u0131yla K\\u2019n\\u0131n Sesi\\u2019ne aittir ve AB\\u2019nin g\\u00f6r\\u00fc\\u015flerini yans\\u0131tmamaktad\\u0131r.&nbsp;&lt;\\\/p&gt;\\n&lt;p&gt;instagram.com\\\/knin_sesi&nbsp;&lt;\\\/p&gt;\\n&lt;p&gt;facebook.com\\\/kninsesi&nbsp;&lt;\\\/p&gt;\\n&lt;p&gt;twitter.com\\\/kninsesipodcast&nbsp;&lt;\\\/p&gt;\\n&lt;p&gt;www.kninsesi.com&nbsp;&lt;\\\/p&gt;\\n&lt;p&gt;Yeni b\\u00f6l\\u00fcmlerden ve \\u00f6zel i\\u00e7eriklerimizden haberdar olmak i\\u00e7in ileti\\u015fim listemize kaydolun: https:\\\/\\\/kninsesi.com\\\/bultene-uye-olun\\\/&lt;\\\/p&gt;\\n&quot;,&quot;author&quot;:&quot;K&#039;n\\u0131n Sesi&quot;,&quot;date&quot;:&quot;May 11, 2022&quot;,&quot;link&quot;:&quot;https:\\\/\\\/podcasters.spotify.com\\\/pod\\\/show\\\/knin-sesi\\\/episodes\\\/3--Sezon-5--Sohbet-Tam-ffetli-Olacam----Asl-Ildr-ile-Sinemada-Su--Noir-ve-Femme-Fetale-e1icckr&quot;,&quot;src&quot;:&quot;https:\\\/\\\/anchor.fm\\\/s\\\/26d82dc4\\\/podcast\\\/play\\\/51834971\\\/https%3A%2F%2Fd3ctxlq1ktw2nl.cloudfront.net%2Fstaging%2F2022-4-11%2F264835913-44100-2-cd472516d5dac.m4a&quot;,&quot;featured&quot;:&quot;https:\\\/\\\/kninsesi.com\\\/wp-content\\\/uploads\\\/2022\\\/05\\\/6417017-1652254208010-5c28aac3c6fc4.jpg&quot;,&quot;mediatype&quot;:&quot;audio&quot;,&quot;featured_id&quot;:3560,&quot;key&quot;:&quot;1c8d88bccfe8ac9a8d027b71cc809887&quot;,&quot;fset&quot;:&quot;https:\\\/\\\/kninsesi.com\\\/wp-content\\\/uploads\\\/2022\\\/05\\\/6417017-1652254208010-5c28aac3c6fc4.jpg 400w, https:\\\/\\\/kninsesi.com\\\/wp-content\\\/uploads\\\/2022\\\/05\\\/6417017-1652254208010-5c28aac3c6fc4-300x300.jpg 300w, https:\\\/\\\/kninsesi.com\\\/wp-content\\\/uploads\\\/2022\\\/05\\\/6417017-1652254208010-5c28aac3c6fc4-150x150.jpg 150w, https:\\\/\\\/kninsesi.com\\\/wp-content\\\/uploads\\\/2022\\\/05\\\/6417017-1652254208010-5c28aac3c6fc4-12x12.jpg 12w&quot;},&quot;ppe-3890-5&quot;:{&quot;title&quot;:&quot;3. Sezon 4. Sohbet: &#8221;Lin\\u00e7lesen de Burday\\u0131z A\\u015fk\\u0131m: Arya Zencefil ile Dijital \\u015eiddet&#8221;&quot;,&quot;description&quot;:&quot;&lt;p&gt;Bu b\\u00f6l\\u00fcmde dijital d\\u00fcnyada ger\\u00e7ekle\\u015fen farkl\\u0131 su\\u00e7 t\\u00fcrlerini, kad\\u0131nlar ve kuirler olarak dijital d\\u00fcnyada nas\\u0131l var oldu\\u011fumuzu ve kar\\u015f\\u0131la\\u015ft\\u0131\\u011f\\u0131m\\u0131z dijital \\u015fiddeti konu\\u015fuyoruz. Konu\\u011fumuz Youtube, Tiktok ve Twitch yay\\u0131nlar\\u0131 ile tan\\u0131d\\u0131\\u011f\\u0131m\\u0131z Arya Zencefil. Arya erkek egemen oyun d\\u00fcnyas\\u0131nda bir kad\\u0131n \\u201cgamer\\u201d olman\\u0131n yan\\u0131s\\u0131ra \\u00fcretti\\u011fi i\\u00e7eriklerde trans g\\u00f6r\\u00fcn\\u00fcrl\\u00fc\\u011f\\u00fc ve feminizmin sesini y\\u00fckseltmesi ile dikkat \\u00e7ekiyor.&nbsp;&lt;\\\/p&gt;\\n&lt;p&gt;S\\u00f6yle\\u015fi: Beril Sar\\u0131altun, Nihal Albayrak&nbsp;&lt;\\\/p&gt;\\n&lt;p&gt;Edit\\u00f6r: Duygu Dalyano\\u011flu, Nihal Albayrak&nbsp;&lt;\\\/p&gt;\\n&lt;p&gt;M\\u00fczik, Ses Kurgu ve Miks: Beril Sar\\u0131altun&nbsp;&lt;\\\/p&gt;\\n&lt;p&gt;Proje Asistan\\u0131: Beg\\u00fcm \\u015eeng\\u00fcl&nbsp;&lt;\\\/p&gt;\\n&lt;p&gt;Kay\\u0131t St\\u00fcdyosu: Postane St\\u00fcdyo&nbsp;&lt;\\\/p&gt;\\n&lt;p&gt;G\\u00f6rsel Tasar\\u0131m ve Uygulama: Dilek \\u015eeny\\u00fcrek&nbsp;&lt;\\\/p&gt;\\n&lt;p&gt;\\u0130leti\\u015fim Koordinat\\u00f6r\\u00fc: Nihal Albayrak&lt;\\\/p&gt;\\n&lt;p&gt;Arya Zencefil\\u2019in i\\u00e7eriklerine buradan g\\u00f6z atabilirsiniz:&nbsp;&lt;\\\/p&gt;\\n&lt;p&gt;https:\\\/\\\/twitter.com\\\/aryazencefil&nbsp;&lt;\\\/p&gt;\\n&lt;p&gt;https:\\\/\\\/www.instagram.com\\\/misszencefil\\\/&nbsp;&lt;\\\/p&gt;\\n&lt;p&gt;https:\\\/\\\/youtube.com\\\/c\\\/MissZencefil&nbsp;&lt;\\\/p&gt;\\n&lt;p&gt;tiktok: misszencefil&nbsp;&lt;\\\/p&gt;\\n&lt;p&gt;https:\\\/\\\/open.spotify.com\\\/show\\\/2cCvhOXK95LFR4q73EFoY8?si=sWsKS0PJQR6mRBiiNPSoyg https:\\\/\\\/www.instagram.com\\\/otelabel\\\/ https:\\\/\\\/discord.gg\\\/Ax25dyh2GM&nbsp;&lt;\\\/p&gt;\\n&lt;p&gt;B\\u00f6l\\u00fcmde bahsi ge\\u00e7en&nbsp; Toplumsal Bilgi ve \\u0130leti\\u015fim Derne\\u011fi\\u2019nin \\u201cCinsiyet\\u00e7i Dijital \\u015eiddetle M\\u00fccadele Rehberi\\u201d: https:\\\/\\\/www.tbid.org.tr\\\/wp-content\\\/uploads\\\/2019\\\/12\\\/Cinsiyet%C3%A7i-Dijital-%C5%9Eiddetle-M%C3%BCcadele-Rehberi-T%C3%BCrk%C3%A7e-%C4%B0ngilizce.pdf&nbsp;&lt;\\\/p&gt;\\n&lt;p&gt;*Bu b\\u00f6l\\u00fcm Avrupa Birli\\u011fi Sivil D\\u00fc\\u015f\\u00fcn Program\\u0131 kapsam\\u0131nda Avrupa Birli\\u011fi deste\\u011fi ile haz\\u0131rlanm\\u0131\\u015ft\\u0131r. \\u0130\\u00e7eri\\u011fin sorumlulu\\u011fu tamam\\u0131yla K\\u2019n\\u0131n Sesi\\u2019ne aittir ve AB\\u2019nin g\\u00f6r\\u00fc\\u015flerini yans\\u0131tmamaktad\\u0131r.&nbsp;&lt;\\\/p&gt;\\n&lt;p&gt;instagram.com\\\/knin_sesi&nbsp;&lt;\\\/p&gt;\\n&lt;p&gt;facebook.com\\\/kninsesi&nbsp;&lt;\\\/p&gt;\\n&lt;p&gt;twitter.com\\\/kninsesipodcast&nbsp;&lt;\\\/p&gt;\\n&lt;p&gt;www.kninsesi.com&nbsp;&lt;\\\/p&gt;\\n&lt;p&gt;Yeni b\\u00f6l\\u00fcmlerden ve \\u00f6zel i\\u00e7eriklerimizden haberdar olmak i\\u00e7in ileti\\u015fim listemize kaydolun: https:\\\/\\\/kninsesi.com\\\/bultene-uye-olun\\\/&lt;\\\/p&gt;\\n&quot;,&quot;author&quot;:&quot;K&#039;n\\u0131n Sesi&quot;,&quot;date&quot;:&quot;April 26, 2022&quot;,&quot;link&quot;:&quot;https:\\\/\\\/podcasters.spotify.com\\\/pod\\\/show\\\/knin-sesi\\\/episodes\\\/3--Sezon-4--Sohbet-Linlesen-de-Burdayz-Akm-Arya-Zencefil-ile-Dijital-iddet-e1hmgpu&quot;,&quot;src&quot;:&quot;https:\\\/\\\/anchor.fm\\\/s\\\/26d82dc4\\\/podcast\\\/play\\\/51118334\\\/https%3A%2F%2Fd3ctxlq1ktw2nl.cloudfront.net%2Fstaging%2F2022-3-26%2F261811169-44100-2-4fc19b81c144b.m4a&quot;,&quot;featured&quot;:&quot;https:\\\/\\\/kninsesi.com\\\/wp-content\\\/uploads\\\/2022\\\/06\\\/6417017-1650977108607-3333b5dec8e68.jpg&quot;,&quot;mediatype&quot;:&quot;audio&quot;,&quot;featured_id&quot;:3752,&quot;key&quot;:&quot;54e6a7402388625767f237dbfc5badbc&quot;,&quot;fset&quot;:&quot;https:\\\/\\\/kninsesi.com\\\/wp-content\\\/uploads\\\/2022\\\/06\\\/6417017-1650977108607-3333b5dec8e68.jpg 400w, https:\\\/\\\/kninsesi.com\\\/wp-content\\\/uploads\\\/2022\\\/06\\\/6417017-1650977108607-3333b5dec8e68-300x300.jpg 300w, https:\\\/\\\/kninsesi.com\\\/wp-content\\\/uploads\\\/2022\\\/06\\\/6417017-1650977108607-3333b5dec8e68-150x150.jpg 150w, https:\\\/\\\/kninsesi.com\\\/wp-content\\\/uploads\\\/2022\\\/06\\\/6417017-1650977108607-3333b5dec8e68-12x12.jpg 12w&quot;},&quot;ppe-3890-6&quot;:{&quot;title&quot;:&quot;3. Sezon 3. Sohbet: &#8221;Erkek Adalet De\\u011fil Ger\\u00e7ek Adalet: \\u015eebnem Korur Fincanc\\u0131 ile Adli T\\u0131p&quot;,&quot;description&quot;:&quot;&lt;p&gt;Bu b\\u00f6l\\u00fcmde cinayete maruz kalan kad\\u0131nlar\\u0131 ve adalet s\\u00fcre\\u00e7lerini ele al\\u0131yoruz. Kad\\u0131n cinayetlerinde ve nefret cinayetlerinde faillerin ortaya \\u00e7\\u0131kmas\\u0131 ve adaletin sa\\u011flanmas\\u0131 i\\u00e7in neler yap\\u0131labilece\\u011fine bakarken daha \\u00e7ok adli t\\u0131p s\\u00fcre\\u00e7lerine de\\u011finiyoruz. Konu\\u011fumuz ise adli t\\u0131p alan\\u0131nda hem \\u00e7al\\u0131\\u015fm\\u0131\\u015f hem hocal\\u0131k yapm\\u0131\\u015f ve uzun y\\u0131llard\\u0131r insan haklar\\u0131 i\\u00e7in m\\u00fccadele eden \\u015eebnem Korur Fincanc\\u0131\\u2026&lt;\\\/p&gt;\\n&lt;p&gt;S\\u00f6yle\\u015fi: Duygu Dalyano\\u011flu, Nihal Albayrak&nbsp;&lt;\\\/p&gt;\\n&lt;p&gt;Edit\\u00f6r: Duygu Dalyano\\u011flu&lt;br \\\/&gt;\\nM\\u00fczik, Ses Kurgu ve Miks: Beril Sar\\u0131altun&lt;br \\\/&gt;\\nProje Asistan\\u0131: Beg\\u00fcm \\u015eeng\\u00fcl&lt;br \\\/&gt;\\nKay\\u0131t St\\u00fcdyosu: Postane St\\u00fcdyo&lt;br \\\/&gt;\\nG\\u00f6rsel Tasar\\u0131m ve Uygulama: Dilek \\u015eeny\\u00fcrek&lt;\\\/p&gt;\\n&lt;p&gt;\\u0130leti\\u015fim Koordinat\\u00f6r\\u00fc: Nihal Albayrak&lt;\\\/p&gt;\\n&lt;p&gt;*Bu b\\u00f6l\\u00fcm Avrupa Birli\\u011fi Sivil D\\u00fc\\u015f\\u00fcn Program\\u0131 kapsam\\u0131nda Avrupa Birli\\u011fi deste\\u011fi ile haz\\u0131rlanm\\u0131\\u015ft\\u0131r. \\u0130\\u00e7eri\\u011fin sorumlulu\\u011fu tamam\\u0131yla K\\u2019n\\u0131n Sesi\\u2019ne aittir ve AB\\u2019nin g\\u00f6r\\u00fc\\u015flerini yans\\u0131tmamaktad\\u0131r.&lt;\\\/p&gt;\\n&lt;p&gt;&lt;a href=\\&quot;http:\\\/\\\/instagram.com\\\/knin_sesi\\&quot; rel=\\&quot;noopener noreferrer\\&quot; target=\\&quot;_blank\\&quot;&gt;instagram.com\\\/knin_sesi&lt;\\\/a&gt;&lt;br \\\/&gt;\\n&lt;a href=\\&quot;http:\\\/\\\/facebook.com\\\/kninsesi\\&quot; rel=\\&quot;noopener noreferrer\\&quot; target=\\&quot;_blank\\&quot;&gt;facebook.com\\\/kninsesi&lt;\\\/a&gt;&lt;br \\\/&gt;\\n&lt;a href=\\&quot;http:\\\/\\\/twitter.com\\\/kninsesipodcast\\&quot; rel=\\&quot;noopener noreferrer\\&quot; target=\\&quot;_blank\\&quot;&gt;twitter.com\\\/kninsesipodcast&lt;\\\/a&gt;&lt;br \\\/&gt;\\n&lt;a href=\\&quot;http:\\\/\\\/www.kninsesi.com\\\/\\&quot; rel=\\&quot;noopener noreferrer\\&quot; target=\\&quot;_blank\\&quot;&gt;www.kninsesi.com&lt;\\\/a&gt;&lt;\\\/p&gt;\\n&lt;p&gt;Yeni b\\u00f6l\\u00fcmlerden ve \\u00f6zel i\\u00e7eriklerimizden haberdar olmak i\\u00e7in ileti\\u015fim listemize kaydolun: &lt;a href=\\&quot;https:\\\/\\\/kninsesi.com\\\/bultene-uye-olun\\\/\\&quot; rel=\\&quot;noopener noreferrer\\&quot; target=\\&quot;_blank\\&quot;&gt;https:\\\/\\\/kninsesi.com\\\/bultene-uye-olun\\\/&lt;\\\/a&gt;&lt;\\\/p&gt;\\n&quot;,&quot;author&quot;:&quot;K&#039;n\\u0131n Sesi&quot;,&quot;date&quot;:&quot;April 19, 2022&quot;,&quot;link&quot;:&quot;https:\\\/\\\/podcasters.spotify.com\\\/pod\\\/show\\\/knin-sesi\\\/episodes\\\/3--Sezon-3--Sohbet-Erkek-Adalet-Deil-Gerek-Adalet-ebnem-Korur-Fincanc-ile-Adli-Tp-e1hcd3q&quot;,&quot;src&quot;:&quot;https:\\\/\\\/anchor.fm\\\/s\\\/26d82dc4\\\/podcast\\\/play\\\/50786874\\\/https%3A%2F%2Fd3ctxlq1ktw2nl.cloudfront.net%2Fstaging%2F2022-3-19%2F260489971-44100-2-0de24b7474076.m4a&quot;,&quot;featured&quot;:&quot;https:\\\/\\\/kninsesi.com\\\/wp-content\\\/uploads\\\/2022\\\/04\\\/6417017-1650363614791-2afa98cb711f5.jpg&quot;,&quot;mediatype&quot;:&quot;audio&quot;,&quot;featured_id&quot;:3517,&quot;key&quot;:&quot;b70d1076206cd26ba83b173401ec7955&quot;,&quot;fset&quot;:&quot;https:\\\/\\\/kninsesi.com\\\/wp-content\\\/uploads\\\/2022\\\/04\\\/6417017-1650363614791-2afa98cb711f5.jpg 400w, https:\\\/\\\/kninsesi.com\\\/wp-content\\\/uploads\\\/2022\\\/04\\\/6417017-1650363614791-2afa98cb711f5-300x300.jpg 300w, https:\\\/\\\/kninsesi.com\\\/wp-content\\\/uploads\\\/2022\\\/04\\\/6417017-1650363614791-2afa98cb711f5-150x150.jpg 150w, https:\\\/\\\/kninsesi.com\\\/wp-content\\\/uploads\\\/2022\\\/04\\\/6417017-1650363614791-2afa98cb711f5-12x12.jpg 12w&quot;},&quot;ppe-3890-7&quot;:{&quot;title&quot;:&quot;3. Sezon 2. Sohbet: &#8221;Yakamad\\u0131\\u011f\\u0131n\\u0131z Cad\\u0131lar\\u0131n Torunlar\\u0131y\\u0131z: Sema Kaygusuz ile Su\\u00e7lanan Kad\\u0131nlar&#8221;&quot;,&quot;description&quot;:&quot;&lt;p&gt;K\\u2019n\\u0131n Sesi\\u2019nin bu b\\u00f6l\\u00fcm\\u00fcnde tarih boyunca su\\u00e7lanan kad\\u0131nlara ve Silvia Federici\\u2019nin \\u201cCaliban ve Cad\\u0131\\u201d kitab\\u0131ndan hareketle cad\\u0131l\\u0131\\u011fa ve cad\\u0131l\\u0131\\u011f\\u0131n tarihine odaklan\\u0131yoruz. Ard\\u0131ndan da roman, \\u00f6yk\\u00fc, oyun, deneme gibi pek \\u00e7ok t\\u00fcrde de eserler vermi\\u015f yazar Sema Kaygusuz ile cad\\u0131l\\u0131\\u011f\\u0131n mitolojiden edebiyata, oradan da g\\u00fcndelik ya\\u015fama uzanan upuzun yolculu\\u011funu konu\\u015fuyoruz.&lt;\\\/p&gt;\\n&lt;p&gt;&lt;strong&gt;S\\u00f6yle\\u015fi: &lt;\\\/strong&gt;Beril Sar\\u0131altun, Duygu Dalyano\\u011flu&lt;\\\/p&gt;\\n&lt;p&gt;&lt;strong&gt;Edit\\u00f6r: &lt;\\\/strong&gt;Beril Sar\\u0131altun, Duygu Dalyano\\u011flu&lt;\\\/p&gt;\\n&lt;p&gt;&lt;strong&gt;M\\u00fczik, Ses Kurgu ve Miks&lt;\\\/strong&gt;: Beril Sar\\u0131altun&lt;\\\/p&gt;\\n&lt;p&gt;&lt;strong&gt;Proje Asistan\\u0131: &lt;\\\/strong&gt;Beg\\u00fcm \\u015eeng\\u00fcl&lt;\\\/p&gt;\\n&lt;p&gt;&lt;strong&gt;Kay\\u0131t St\\u00fcdyosu:&lt;\\\/strong&gt; Postane St\\u00fcdyo&lt;\\\/p&gt;\\n&lt;p&gt;&lt;strong&gt;G\\u00f6rsel Tasar\\u0131m ve Uygulama: &lt;\\\/strong&gt;Dilek \\u015eeny\\u00fcrek&lt;\\\/p&gt;\\n&lt;p&gt;&lt;strong&gt;\\u0130leti\\u015fim Koordinat\\u00f6r\\u00fc:&lt;\\\/strong&gt; Nihal Albayrak&lt;\\\/p&gt;\\n&lt;p&gt;*Bu b\\u00f6l\\u00fcm Avrupa Birli\\u011fi Sivil D\\u00fc\\u015f\\u00fcn Program\\u0131 kapsam\\u0131nda Avrupa Birli\\u011fi deste\\u011fi ile haz\\u0131rlanm\\u0131\\u015ft\\u0131r. \\u0130\\u00e7eri\\u011fin sorumlulu\\u011fu tamam\\u0131yla K\\u2019n\\u0131n Sesi\\u2019ne aittir ve AB\\u2019nin g\\u00f6r\\u00fc\\u015flerini yans\\u0131tmamaktad\\u0131r.&lt;\\\/p&gt;\\n&lt;p&gt;&lt;a href=\\&quot;http:\\\/\\\/instagram.com\\\/knin_sesi\\&quot;&gt;&lt;u&gt;instagram.com\\\/knin_sesi&lt;\\\/u&gt;&lt;\\\/a&gt;&lt;\\\/p&gt;\\n&lt;p&gt;&lt;a href=\\&quot;http:\\\/\\\/facebook.com\\\/kninsesi\\&quot;&gt;&lt;u&gt;facebook.com\\\/kninsesi&lt;\\\/u&gt;&lt;\\\/a&gt;&lt;\\\/p&gt;\\n&lt;p&gt;&lt;a href=\\&quot;http:\\\/\\\/twitter.com\\\/kninsesipodcast\\&quot;&gt;&lt;u&gt;twitter.com\\\/kninsesipodcast&lt;\\\/u&gt;&lt;\\\/a&gt;&lt;\\\/p&gt;\\n&lt;p&gt;&lt;a href=\\&quot;http:\\\/\\\/www.kninsesi.com\\\/\\&quot;&gt;&lt;u&gt;www.kninsesi.com&lt;\\\/u&gt;&lt;\\\/a&gt;&lt;\\\/p&gt;\\n&lt;p&gt;Yeni b\\u00f6l\\u00fcmlerden ve \\u00f6zel i\\u00e7eriklerimizden haberdar olmak i\\u00e7in ileti\\u015fim listemize kaydolun: &lt;a href=\\&quot;https:\\\/\\\/kninsesi.com\\\/bultene-uye-olun\\\/\\&quot;&gt;https:\\\/\\\/kninsesi.com\\\/bultene-uye-olun\\\/&lt;\\\/a&gt;&lt;\\\/p&gt;\\n&quot;,&quot;author&quot;:&quot;K&#039;n\\u0131n Sesi&quot;,&quot;date&quot;:&quot;April 12, 2022&quot;,&quot;link&quot;:&quot;https:\\\/\\\/podcasters.spotify.com\\\/pod\\\/show\\\/knin-sesi\\\/episodes\\\/3--Sezon-2--Sohbet-Yakamadnz-Cadlarn-Torunlaryz-Sema-Kaygusuz-ile-Sulanan-Kadnlar-e1h2s42&quot;,&quot;src&quot;:&quot;https:\\\/\\\/anchor.fm\\\/s\\\/26d82dc4\\\/podcast\\\/play\\\/50474562\\\/https%3A%2F%2Fd3ctxlq1ktw2nl.cloudfront.net%2Fstaging%2F2022-3-12%2F259332145-44100-2-571d19967c50c.m4a&quot;,&quot;featured&quot;:&quot;https:\\\/\\\/kninsesi.com\\\/wp-content\\\/uploads\\\/2022\\\/06\\\/6417017-1649753974211-022f3f5e46ea8.jpg&quot;,&quot;mediatype&quot;:&quot;audio&quot;,&quot;featured_id&quot;:3753,&quot;key&quot;:&quot;976881011566e3f5915e253502fee138&quot;,&quot;fset&quot;:&quot;https:\\\/\\\/kninsesi.com\\\/wp-content\\\/uploads\\\/2022\\\/06\\\/6417017-1649753974211-022f3f5e46ea8.jpg 400w, https:\\\/\\\/kninsesi.com\\\/wp-content\\\/uploads\\\/2022\\\/06\\\/6417017-1649753974211-022f3f5e46ea8-300x300.jpg 300w, https:\\\/\\\/kninsesi.com\\\/wp-content\\\/uploads\\\/2022\\\/06\\\/6417017-1649753974211-022f3f5e46ea8-150x150.jpg 150w, https:\\\/\\\/kninsesi.com\\\/wp-content\\\/uploads\\\/2022\\\/06\\\/6417017-1649753974211-022f3f5e46ea8-12x12.jpg 12w&quot;},&quot;ppe-3890-8&quot;:{&quot;title&quot;:&quot;3. Sezon 1. Sohbet: &#8221;Bats\\u0131n (m\\u0131) Bu Adaletsiz D\\u00fcnya: Canan Ar\\u0131n ile Su\\u00e7 ve Ceza&#8221;&quot;,&quot;description&quot;:&quot;&lt;p&gt;K\\u2019n\\u0131n Sesi\\u2019nin bu b\\u00f6l\\u00fcm\\u00fcnde su\\u00e7 ve ceza kavramlar\\u0131n\\u0131 hukuki ve tarihsel ba\\u011flam\\u0131 ile ele al\\u0131yoruz. Ard\\u0131ndan da k\\u0131rk y\\u0131l\\u0131 a\\u015fk\\u0131n s\\u00fcredir erkek egemen d\\u00fczene kar\\u015f\\u0131 m\\u00fccadele veren ve kad\\u0131n haklar\\u0131 i\\u00e7in durmadan \\u00e7al\\u0131\\u015fan feminist avukat Canan Ar\\u0131n\\u2019\\u0131n hikayesine odaklan\\u0131yoruz.&lt;\\\/p&gt;\\n&lt;p&gt;&lt;strong&gt;S\\u00f6yle\\u015fi:&lt;\\\/strong&gt; Beril Sar\\u0131altun, Nihal Albayrak&lt;\\\/p&gt;\\n&lt;p&gt;&lt;strong&gt;Edit\\u00f6r:&lt;\\\/strong&gt; Beril Sar\\u0131altun, Nihal Albayrak&lt;\\\/p&gt;\\n&lt;p&gt;&lt;strong&gt;M\\u00fczik, Ses Kurgu ve Miks:&lt;\\\/strong&gt; Beril Sar\\u0131altun&lt;\\\/p&gt;\\n&lt;p&gt;&lt;strong&gt;Proje Asistan\\u0131: &lt;\\\/strong&gt;Beg\\u00fcm \\u015eeng\\u00fcl&lt;\\\/p&gt;\\n&lt;p&gt;&lt;strong&gt;Kay\\u0131t St\\u00fcdyosu:&lt;\\\/strong&gt; Postane St\\u00fcdyo&lt;\\\/p&gt;\\n&lt;p&gt;&lt;strong&gt;G\\u00f6rsel Tasar\\u0131m ve Uygulama: &lt;\\\/strong&gt;Dilek \\u015eeny\\u00fcrek&lt;\\\/p&gt;\\n&lt;p&gt;&lt;strong&gt;\\u0130leti\\u015fim Koordinat\\u00f6r\\u00fc:&lt;\\\/strong&gt; Nihal Albayrak&lt;\\\/p&gt;\\n&lt;p&gt;*Bu b\\u00f6l\\u00fcm Avrupa Birli\\u011fi Sivil D\\u00fc\\u015f\\u00fcn Program\\u0131 kapsam\\u0131nda Avrupa Birli\\u011fi deste\\u011fi ile haz\\u0131rlanm\\u0131\\u015ft\\u0131r. \\u0130\\u00e7eri\\u011fin sorumlulu\\u011fu tamam\\u0131yla K\\u2019n\\u0131n Sesi\\u2019ne aittir ve AB\\u2019nin g\\u00f6r\\u00fc\\u015flerini yans\\u0131tmamaktad\\u0131r.&lt;\\\/p&gt;\\n&lt;p&gt;&lt;a href=\\&quot;http:\\\/\\\/instagram.com\\\/knin_sesi\\&quot;&gt;instagram.com\\\/knin_sesi&lt;\\\/a&gt;&lt;\\\/p&gt;\\n&lt;p&gt;&lt;a href=\\&quot;http:\\\/\\\/facebook.com\\\/kninsesi\\&quot;&gt;&lt;u&gt;facebook.com\\\/kninsesi&lt;\\\/u&gt;&lt;\\\/a&gt;&lt;\\\/p&gt;\\n&lt;p&gt;&lt;a href=\\&quot;http:\\\/\\\/twitter.com\\\/kninsesipodcast\\&quot;&gt;&lt;u&gt;twitter.com\\\/kninsesipodcast&lt;\\\/u&gt;&lt;\\\/a&gt;&lt;\\\/p&gt;\\n&lt;p&gt;&lt;a href=\\&quot;http:\\\/\\\/www.kninsesi.com\\\/\\&quot;&gt;&lt;u&gt;www.kninsesi.com&lt;\\\/u&gt;&lt;\\\/a&gt;&lt;\\\/p&gt;\\n&lt;p&gt;Yeni b\\u00f6l\\u00fcmlerden ve \\u00f6zel i\\u00e7eriklerimizden haberdar olmak i\\u00e7in ileti\\u015fim listemize kaydolun: &lt;a href=\\&quot;https:\\\/\\\/kninsesi.com\\\/bultene-uye-olun\\\/\\&quot;&gt;https:\\\/\\\/kninsesi.com\\\/bultene-uye-olun\\\/&lt;\\\/a&gt;&lt;\\\/p&gt;\\n&quot;,&quot;author&quot;:&quot;K&#039;n\\u0131n Sesi&quot;,&quot;date&quot;:&quot;April 4, 2022&quot;,&quot;link&quot;:&quot;https:\\\/\\\/podcasters.spotify.com\\\/pod\\\/show\\\/knin-sesi\\\/episodes\\\/3--Sezon-1--Sohbet-Batsn-m-Bu-Adaletsiz-Dnya-Canan-Arn-ile-Su-ve-Ceza-e1gmnme&quot;,&quot;src&quot;:&quot;https:\\\/\\\/anchor.fm\\\/s\\\/26d82dc4\\\/podcast\\\/play\\\/50076814\\\/https%3A%2F%2Fd3ctxlq1ktw2nl.cloudfront.net%2Fstaging%2F2022-3-4%2F257794163-44100-2-a6c17c8adc048.m4a&quot;,&quot;featured&quot;:&quot;https:\\\/\\\/kninsesi.com\\\/wp-content\\\/uploads\\\/2022\\\/04\\\/6417017-1649067119195-f54ac1ff69886.jpg&quot;,&quot;mediatype&quot;:&quot;audio&quot;,&quot;featured_id&quot;:3424,&quot;key&quot;:&quot;ff39d53335c81465051b1fae16280bec&quot;,&quot;fset&quot;:&quot;https:\\\/\\\/kninsesi.com\\\/wp-content\\\/uploads\\\/2022\\\/04\\\/6417017-1649067119195-f54ac1ff69886.jpg 400w, https:\\\/\\\/kninsesi.com\\\/wp-content\\\/uploads\\\/2022\\\/04\\\/6417017-1649067119195-f54ac1ff69886-300x300.jpg 300w, https:\\\/\\\/kninsesi.com\\\/wp-content\\\/uploads\\\/2022\\\/04\\\/6417017-1649067119195-f54ac1ff69886-150x150.jpg 150w, https:\\\/\\\/kninsesi.com\\\/wp-content\\\/uploads\\\/2022\\\/04\\\/6417017-1649067119195-f54ac1ff69886-12x12.jpg 12w&quot;},&quot;ppe-3890-9&quot;:{&quot;title&quot;:&quot;2. Sezon 4. Sohbet: &#8221;D\\u00f6rt Duvar\\u0131n \\u00d6tesinde Ne Var?&#8221; (Fato\\u015f \\u0130rwen &amp; Oya Baydar ile)&quot;,&quot;description&quot;:&quot;&lt;p&gt;K\\u2019n\\u0131n Sesi\\u2019nin bu s\\u00f6yle\\u015fisinde d\\u00f6rt duvar aras\\u0131nda kalmay\\u0131, hapishane mefhumunu ve s\\u0131n\\u0131rlar\\u0131 konu\\u015ftuk. \\u00d6zg\\u00fcrl\\u00fc\\u011f\\u00fcn k\\u0131s\\u0131tland\\u0131\\u011f\\u0131 bir mekanda nas\\u0131l var olabilir insan? Nas\\u0131l m\\u00fccadele eder? \\u00d6n\\u00fcne \\u00e7\\u0131kan engelleri nas\\u0131l a\\u015far? \\u00dcretmeye devam edebilir mi? Peki cezaevinde \\u00e7\\u0131kt\\u0131ktan sonra ne de\\u011fi\\u015fir? \\u0130\\u015fte t\\u00fcm bu sorulara yazar Oya Baydar ve sanat\\u00e7\\u0131 Fato\\u015f \\u0130rwen ile beraber cevap arad\\u0131k.&lt;br \\\/&gt;\\nS\\u00f6yle\\u015fi:\\u00a0Beril Sar\\u0131altun, Duygu Dalyano\\u011flu, Nihal Albayrak&lt;br \\\/&gt;\\nM\\u00fczik, Ses Kurgu ve Miks:\\u00a0Beril Sar\\u0131altun&lt;br \\\/&gt;\\nG\\u00f6rsel Tasar\\u0131m ve Uygulama:\\u00a0Dilek \\u015eeny\\u00fcrek&lt;br \\\/&gt;\\nBize ses kayd\\u0131 g\\u00f6ndermek i\\u00e7in:&lt;br \\\/&gt;\\n+905394402394 numaral\\u0131 telefon hatt\\u0131m\\u0131za WhatsApp \\u00fczerinden ses kayd\\u0131 g\\u00f6nderebilirsiniz ya da bu numaraya mesaj atarsan\\u0131z sizinle ileti\\u015fime ge\\u00e7ebiliriz.&lt;br \\\/&gt;\\ninfo@kninsesi.com\\u00a0adresine mail atabilirsiniz. A\\u015fa\\u011f\\u0131da yer alan sosyal medya hesaplar\\u0131m\\u0131zdan da bize ses kayd\\u0131 g\\u00f6nderebilirsiniz:&lt;br \\\/&gt;\\ninstagram.com\\\/knin_sesi&lt;br \\\/&gt;\\nfacebook.com\\\/kninsesi&lt;br \\\/&gt;\\ntwitter.com\\\/kninsesipodcast&lt;br \\\/&gt;\\nwww.kninsesi.com&lt;br \\\/&gt;\\nYeni b\\u00f6l\\u00fcmlerden\\u00a0ve \\u00f6zel i\\u00e7eriklerimizden haberdar olmak i\\u00e7in ileti\\u015fim listemize kaydolun:\\u00a0https:\\\/\\\/kninsesi.com\\\/bultene-uye-olun\\\/&lt;br \\\/&gt;\\n(K\\u2019n\\u0131n Sesi&#8217;nin\\u00a0ikinci sezonu\\u00a0PRX ve Google Podcasts Creator Program\\u0131&#8217;n\\u0131n katk\\u0131lar\\u0131 ile \\u00fcretilmi\\u015ftir.)&lt;\\\/p&gt;\\n&quot;,&quot;author&quot;:&quot;K&#039;n\\u0131n Sesi&quot;,&quot;date&quot;:&quot;June 28, 2021&quot;,&quot;link&quot;:&quot;https:\\\/\\\/podcasters.spotify.com\\\/pod\\\/show\\\/knin-sesi\\\/episodes\\\/2--Sezon-4--Sohbet-Drt-Duvarn-tesinde-Ne-Var--Fato-rwen--Oya-Baydar-ile-e13ii68&quot;,&quot;src&quot;:&quot;https:\\\/\\\/anchor.fm\\\/s\\\/26d82dc4\\\/podcast\\\/play\\\/36308616\\\/https%3A%2F%2Fd3ctxlq1ktw2nl.cloudfront.net%2Fstaging%2F2021-5-28%2F201080691-44100-2-8a9958c14224d.m4a&quot;,&quot;featured&quot;:&quot;https:\\\/\\\/kninsesi.com\\\/wp-content\\\/uploads\\\/2021\\\/06\\\/6417017-1624864356824-8da90069e78bc-768x768.jpg&quot;,&quot;mediatype&quot;:&quot;audio&quot;,&quot;featured_id&quot;:3117,&quot;key&quot;:&quot;42aad2d37fba84b9827b6af55d0f292e&quot;,&quot;fset&quot;:&quot;https:\\\/\\\/kninsesi.com\\\/wp-content\\\/uploads\\\/2021\\\/06\\\/6417017-1624864356824-8da90069e78bc-768x768.jpg 768w, https:\\\/\\\/kninsesi.com\\\/wp-content\\\/uploads\\\/2021\\\/06\\\/6417017-1624864356824-8da90069e78bc-300x300.jpg 300w, https:\\\/\\\/kninsesi.com\\\/wp-content\\\/uploads\\\/2021\\\/06\\\/6417017-1624864356824-8da90069e78bc-1024x1024.jpg 1024w, https:\\\/\\\/kninsesi.com\\\/wp-content\\\/uploads\\\/2021\\\/06\\\/6417017-1624864356824-8da90069e78bc-150x150.jpg 150w, https:\\\/\\\/kninsesi.com\\\/wp-content\\\/uploads\\\/2021\\\/06\\\/6417017-1624864356824-8da90069e78bc-1536x1536.jpg 1536w, https:\\\/\\\/kninsesi.com\\\/wp-content\\\/uploads\\\/2021\\\/06\\\/6417017-1624864356824-8da90069e78bc-2048x2048.jpg 2048w, https:\\\/\\\/kninsesi.com\\\/wp-content\\\/uploads\\\/2021\\\/06\\\/6417017-1624864356824-8da90069e78bc-12x12.jpg 12w, https:\\\/\\\/kninsesi.com\\\/wp-content\\\/uploads\\\/2021\\\/06\\\/6417017-1624864356824-8da90069e78bc-800x800.jpg 800w, https:\\\/\\\/kninsesi.com\\\/wp-content\\\/uploads\\\/2021\\\/06\\\/6417017-1624864356824-8da90069e78bc-400x400.jpg 400w&quot;},&quot;ppe-3890-10&quot;:{&quot;title&quot;:&quot;2. Sezon 3. Sohbet: &#8221;Meslekte Tutunmak Kolay M\\u0131?&#8221; (Tilbe Saran &amp; Tutya Y\\u0131lmaz ile)&quot;,&quot;description&quot;:&quot;&lt;p&gt;K\\u2019n\\u0131n Sesi\\u2019nin bu s\\u00f6yle\\u015fisinde kad\\u0131nlar\\u0131n var oldu\\u011fu alanlarda nas\\u0131l tutundu\\u011funu konu\\u015ftuk. D\\u0131\\u015f g\\u00f6r\\u00fcn\\u00fc\\u015f\\u00fcm\\u00fcz\\u00fc, ya\\u015f\\u0131m\\u0131z\\u0131, duru\\u015fumuzu, d\\u00fc\\u015f\\u00fcncemizi kabul ettirmek i\\u00e7in ne m\\u00fccadeleler verdik? Erkek meslekta\\u015flar\\u0131m\\u0131z, \\u00e7evremiz, bizi izleyenler varolu\\u015fumuzu kabul etti mi? Peki kabul etmedi\\u011finde ne oldu? Tutunmak i\\u00e7in ne gibi yollar bulduk? \\u0130\\u015fte t\\u00fcm bu sorulara cevap arad\\u0131\\u011f\\u0131m\\u0131z bu b\\u00f6l\\u00fcmde oyuncu Tilbe Saran ve sporcu Tutya Y\\u0131lmaz ile sohbet ettik.&lt;\\\/p&gt;\\n&lt;p&gt;S\\u00f6yle\\u015fi:&nbsp;Beril Sar\\u0131altun, Duygu Dalyano\\u011flu, Nihal Albayrak&lt;\\\/p&gt;\\n&lt;p&gt;M\\u00fczik, Ses Kurgu ve Miks:&nbsp;Beril Sar\\u0131altun&lt;\\\/p&gt;\\n&lt;p&gt;G\\u00f6rsel Tasar\\u0131m ve Uygulama:&nbsp;Dilek \\u015eeny\\u00fcrek&lt;\\\/p&gt;\\n&lt;p&gt;Bize ses kayd\\u0131 g\\u00f6ndermek i\\u00e7in:&lt;\\\/p&gt;\\n&lt;p&gt;+905394402394 numaral\\u0131 telefon hatt\\u0131m\\u0131za WhatsApp \\u00fczerinden ses kayd\\u0131 g\\u00f6nderebilirsiniz ya da bu numaraya mesaj atarsan\\u0131z sizinle ileti\\u015fime ge\\u00e7ebiliriz.&lt;\\\/p&gt;\\n&lt;p&gt;&lt;a href=\\&quot;mailto:info@kninsesi.com\\&quot; rel=\\&quot;ugc noopener noreferrer\\&quot; target=\\&quot;_blank\\&quot;&gt;info@kninsesi.com&lt;\\\/a&gt;&nbsp;adresine mail atabilirsiniz. A\\u015fa\\u011f\\u0131da yer alan sosyal medya hesaplar\\u0131m\\u0131zdan da bize ses kayd\\u0131 g\\u00f6nderebilirsiniz:&lt;\\\/p&gt;\\n&lt;p&gt;&lt;a href=\\&quot;http:\\\/\\\/instagram.com\\\/knin_sesi\\&quot; rel=\\&quot;ugc noopener noreferrer\\&quot; target=\\&quot;_blank\\&quot;&gt;instagram.com\\\/knin_sesi&lt;\\\/a&gt;&lt;\\\/p&gt;\\n&lt;p&gt;&lt;a href=\\&quot;http:\\\/\\\/facebook.com\\\/kninsesi\\&quot; rel=\\&quot;ugc noopener noreferrer\\&quot; target=\\&quot;_blank\\&quot;&gt;facebook.com\\\/kninsesi&lt;\\\/a&gt;&lt;\\\/p&gt;\\n&lt;p&gt;&lt;a href=\\&quot;http:\\\/\\\/twitter.com\\\/kninsesipodcast\\&quot; rel=\\&quot;ugc noopener noreferrer\\&quot; target=\\&quot;_blank\\&quot;&gt;twitter.com\\\/kninsesipodcast&lt;\\\/a&gt;&lt;\\\/p&gt;\\n&lt;p&gt;&lt;a href=\\&quot;http:\\\/\\\/www.kninsesi.com\\\/\\&quot; rel=\\&quot;ugc noopener noreferrer\\&quot; target=\\&quot;_blank\\&quot;&gt;www.kninsesi.com&lt;\\\/a&gt;&lt;\\\/p&gt;\\n&lt;p&gt;Yeni b\\u00f6l\\u00fcmlerden&nbsp;ve \\u00f6zel i\\u00e7eriklerimizden haberdar olmak i\\u00e7in ileti\\u015fim listemize kaydolun:&nbsp;&lt;a href=\\&quot;https:\\\/\\\/kninsesi.com\\\/bultene-uye-olun\\\/\\&quot; rel=\\&quot;ugc noopener noreferrer\\&quot; target=\\&quot;_blank\\&quot;&gt;https:\\\/\\\/kninsesi.com\\\/bultene-uye-olun\\\/&lt;\\\/a&gt;&lt;\\\/p&gt;\\n&lt;p&gt;(K\\u2019n\\u0131n Sesi&#8217;nin&nbsp;ikinci sezonu&nbsp;PRX ve Google Podcasts Creator Program\\u0131&#8217;n\\u0131n katk\\u0131lar\\u0131 ile \\u00fcretilmi\\u015ftir.)&lt;\\\/p&gt;\\n&quot;,&quot;author&quot;:&quot;K&#039;n\\u0131n Sesi&quot;,&quot;date&quot;:&quot;May 28, 2021&quot;,&quot;link&quot;:&quot;https:\\\/\\\/podcasters.spotify.com\\\/pod\\\/show\\\/knin-sesi\\\/episodes\\\/2--Sezon-3--Sohbet-Meslekte-Tutunmak-Kolay-M--Tilbe-Saran--Tutya-Ylmaz-ile-e11odal&quot;,&quot;src&quot;:&quot;https:\\\/\\\/anchor.fm\\\/s\\\/26d82dc4\\\/podcast\\\/play\\\/34403093\\\/https%3A%2F%2Fd3ctxlq1ktw2nl.cloudfront.net%2Fstaging%2F2021-4-28%2F191099069-44100-2-3621a9d94809e.m4a&quot;,&quot;featured&quot;:&quot;https:\\\/\\\/kninsesi.com\\\/wp-content\\\/uploads\\\/2021\\\/06\\\/6417017-1622196620843-eb82a5785eaa2-768x768.jpg&quot;,&quot;mediatype&quot;:&quot;audio&quot;,&quot;featured_id&quot;:3077,&quot;key&quot;:&quot;9eceb4935c12b0d4e40621c96206012d&quot;,&quot;fset&quot;:&quot;https:\\\/\\\/kninsesi.com\\\/wp-content\\\/uploads\\\/2021\\\/06\\\/6417017-1622196620843-eb82a5785eaa2-768x768.jpg 768w, https:\\\/\\\/kninsesi.com\\\/wp-content\\\/uploads\\\/2021\\\/06\\\/6417017-1622196620843-eb82a5785eaa2-300x300.jpg 300w, https:\\\/\\\/kninsesi.com\\\/wp-content\\\/uploads\\\/2021\\\/06\\\/6417017-1622196620843-eb82a5785eaa2-1024x1024.jpg 1024w, https:\\\/\\\/kninsesi.com\\\/wp-content\\\/uploads\\\/2021\\\/06\\\/6417017-1622196620843-eb82a5785eaa2-150x150.jpg 150w, https:\\\/\\\/kninsesi.com\\\/wp-content\\\/uploads\\\/2021\\\/06\\\/6417017-1622196620843-eb82a5785eaa2-1536x1536.jpg 1536w, https:\\\/\\\/kninsesi.com\\\/wp-content\\\/uploads\\\/2021\\\/06\\\/6417017-1622196620843-eb82a5785eaa2-2048x2048.jpg 2048w, https:\\\/\\\/kninsesi.com\\\/wp-content\\\/uploads\\\/2021\\\/06\\\/6417017-1622196620843-eb82a5785eaa2-12x12.jpg 12w, https:\\\/\\\/kninsesi.com\\\/wp-content\\\/uploads\\\/2021\\\/06\\\/6417017-1622196620843-eb82a5785eaa2-800x800.jpg 800w, https:\\\/\\\/kninsesi.com\\\/wp-content\\\/uploads\\\/2021\\\/06\\\/6417017-1622196620843-eb82a5785eaa2-400x400.jpg 400w&quot;},&quot;ppe-3890-11&quot;:{&quot;title&quot;:&quot;2. Sezon 2. Sohbet: &#8221;Nedir Bedenimizle Derdimiz?&#8221; (Eda \\u00c7akmak &amp; Ilgaz Yal\\u00e7\\u0131no\\u011flu ile)&quot;,&quot;description&quot;:&quot;&lt;p&gt;K\\u2019n\\u0131n Sesi\\u2019nin bu s\\u00f6yle\\u015fisinde bedenlerimiz hakk\\u0131nda konu\\u015ftuk. \\u00c7ocukluktan bu yana bedenimizle, d\\u0131\\u015f g\\u00f6r\\u00fcn\\u00fc\\u015f\\u00fcm\\u00fczle nas\\u0131l bir ili\\u015fki kurduk? Mesela neleri yedik, neleri yemedik? Yeri geldi bir lokma daha fazla yemekten neden teredd\\u00fct ettik? Peki b\\u00fcy\\u00fcd\\u00fc\\u011f\\u00fcm\\u00fczde ne de\\u011fi\\u015fti? Beden alg\\u0131m\\u0131z nas\\u0131l \\u015fekillendi? \\u0130\\u015fte t\\u00fcm bu sorulara cevap arad\\u0131\\u011f\\u0131m\\u0131z bu b\\u00f6l\\u00fcmde Ilgaz Yal\\u00e7\\u0131no\\u011flu ve Eda \\u00c7akmak ile beden alg\\u0131lar\\u0131m\\u0131z ve deneyimlerimiz hakk\\u0131nda sohbet ettik.&lt;\\\/p&gt;\\n&lt;p&gt;&lt;strong&gt;S\\u00f6yle\\u015fi:&lt;\\\/strong&gt;&nbsp;Beril Sar\\u0131altun, Duygu Dalyano\\u011flu, Nihal Albayrak&lt;\\\/p&gt;\\n&lt;p&gt;&lt;strong&gt;M\\u00fczik, Ses Kurgu ve Miks:&nbsp;&lt;\\\/strong&gt;Beril Sar\\u0131altun&lt;\\\/p&gt;\\n&lt;p&gt;&lt;strong&gt;G\\u00f6rsel Tasar\\u0131m ve Uygulama:&nbsp;&lt;\\\/strong&gt;Dilek \\u015eeny\\u00fcrek&lt;\\\/p&gt;\\n&lt;p&gt;Bize ses kayd\\u0131 g\\u00f6ndermek i\\u00e7in:&lt;\\\/p&gt;\\n&lt;p&gt;+905394402394 numaral\\u0131 telefon hatt\\u0131m\\u0131za WhatsApp \\u00fczerinden ses kayd\\u0131 g\\u00f6nderebilirsiniz ya da bu numaraya mesaj atarsan\\u0131z sizinle ileti\\u015fime ge\\u00e7ebiliriz.&lt;\\\/p&gt;\\n&lt;p&gt;&lt;a href=\\&quot;mailto:info@kninsesi.com\\&quot; rel=\\&quot;ugc noopener noreferrer\\&quot; target=\\&quot;_blank\\&quot;&gt;info@kninsesi.com&lt;\\\/a&gt; adresine mail atabilirsiniz. A\\u015fa\\u011f\\u0131da yer alan sosyal medya hesaplar\\u0131m\\u0131zdan da bize ses kayd\\u0131 g\\u00f6nderebilirsiniz:&lt;\\\/p&gt;\\n&lt;p&gt;&lt;a href=\\&quot;http:\\\/\\\/instagram.com\\\/knin_sesi\\&quot; rel=\\&quot;ugc noopener noreferrer\\&quot; target=\\&quot;_blank\\&quot;&gt;instagram.com\\\/knin_sesi&lt;\\\/a&gt;&lt;\\\/p&gt;\\n&lt;p&gt;&lt;a href=\\&quot;http:\\\/\\\/facebook.com\\\/kninsesi\\&quot; rel=\\&quot;ugc noopener noreferrer\\&quot; target=\\&quot;_blank\\&quot;&gt;facebook.com\\\/kninsesi&lt;\\\/a&gt;&lt;\\\/p&gt;\\n&lt;p&gt;&lt;a href=\\&quot;http:\\\/\\\/twitter.com\\\/kninsesipodcast\\&quot; rel=\\&quot;ugc noopener noreferrer\\&quot; target=\\&quot;_blank\\&quot;&gt;twitter.com\\\/kninsesipodcast&lt;\\\/a&gt;&lt;\\\/p&gt;\\n&lt;p&gt;&lt;a href=\\&quot;http:\\\/\\\/www.kninsesi.com\\\/\\&quot; rel=\\&quot;ugc noopener noreferrer\\&quot; target=\\&quot;_blank\\&quot;&gt;www.kninsesi.com&lt;\\\/a&gt;&lt;\\\/p&gt;\\n&lt;p&gt;Yeni b\\u00f6l\\u00fcmlerden&nbsp;ve \\u00f6zel i\\u00e7eriklerimizden haberdar olmak i\\u00e7in ileti\\u015fim listemize kaydolun:&nbsp;&lt;a href=\\&quot;https:\\\/\\\/kninsesi.com\\\/bultene-uye-olun\\\/\\&quot; rel=\\&quot;ugc noopener noreferrer\\&quot; target=\\&quot;_blank\\&quot;&gt;https:\\\/\\\/kninsesi.com\\\/bultene-uye-olun\\\/&lt;\\\/a&gt;&lt;\\\/p&gt;\\n&lt;p&gt;(K\\u2019n\\u0131n Sesi&#8217;nin&nbsp;ikinci sezonu&nbsp;PRX ve Google Podcasts Creator Program\\u0131&#8217;n\\u0131n katk\\u0131lar\\u0131 ile \\u00fcretilmi\\u015ftir.)&lt;\\\/p&gt;\\n&quot;,&quot;author&quot;:&quot;K&#039;n\\u0131n Sesi&quot;,&quot;date&quot;:&quot;April 21, 2021&quot;,&quot;link&quot;:&quot;https:\\\/\\\/podcasters.spotify.com\\\/pod\\\/show\\\/knin-sesi\\\/episodes\\\/2--Sezon-2--Sohbet-Nedir-Bedenimizle-Derdimiz--Eda-akmak--Ilgaz-Yalnolu-ile-evb2tt&quot;,&quot;src&quot;:&quot;https:\\\/\\\/anchor.fm\\\/s\\\/26d82dc4\\\/podcast\\\/play\\\/31869309\\\/https%3A%2F%2Fd3ctxlq1ktw2nl.cloudfront.net%2Fstaging%2F2021-3-21%2F177870977-44100-2-29a81f8a01648.m4a&quot;,&quot;featured&quot;:&quot;https:\\\/\\\/kninsesi.com\\\/wp-content\\\/uploads\\\/2021\\\/06\\\/6417017-1618992050407-76ecad06b11c6-768x768.jpg&quot;,&quot;mediatype&quot;:&quot;audio&quot;,&quot;featured_id&quot;:3079,&quot;key&quot;:&quot;1f758f0be14ab2e9384488211d13afce&quot;,&quot;fset&quot;:&quot;https:\\\/\\\/kninsesi.com\\\/wp-content\\\/uploads\\\/2021\\\/06\\\/6417017-1618992050407-76ecad06b11c6-768x768.jpg 768w, https:\\\/\\\/kninsesi.com\\\/wp-content\\\/uploads\\\/2021\\\/06\\\/6417017-1618992050407-76ecad06b11c6-300x300.jpg 300w, https:\\\/\\\/kninsesi.com\\\/wp-content\\\/uploads\\\/2021\\\/06\\\/6417017-1618992050407-76ecad06b11c6-1024x1024.jpg 1024w, https:\\\/\\\/kninsesi.com\\\/wp-content\\\/uploads\\\/2021\\\/06\\\/6417017-1618992050407-76ecad06b11c6-150x150.jpg 150w, https:\\\/\\\/kninsesi.com\\\/wp-content\\\/uploads\\\/2021\\\/06\\\/6417017-1618992050407-76ecad06b11c6-1536x1536.jpg 1536w, https:\\\/\\\/kninsesi.com\\\/wp-content\\\/uploads\\\/2021\\\/06\\\/6417017-1618992050407-76ecad06b11c6-2048x2048.jpg 2048w, https:\\\/\\\/kninsesi.com\\\/wp-content\\\/uploads\\\/2021\\\/06\\\/6417017-1618992050407-76ecad06b11c6-12x12.jpg 12w, https:\\\/\\\/kninsesi.com\\\/wp-content\\\/uploads\\\/2021\\\/06\\\/6417017-1618992050407-76ecad06b11c6-800x800.jpg 800w, https:\\\/\\\/kninsesi.com\\\/wp-content\\\/uploads\\\/2021\\\/06\\\/6417017-1618992050407-76ecad06b11c6-400x400.jpg 400w&quot;},&quot;ppe-3890-12&quot;:{&quot;title&quot;:&quot;2. Sezon 1. Sohbet: &#8221;Yas\\u0131m\\u0131z\\u0131 Nas\\u0131l Ya\\u015far\\u0131z?&#8221; (Sepin \\u0130nceer &amp; Takuhi Tovmasyan ile)&quot;,&quot;description&quot;:&quot;&lt;p&gt;K\\u2019n\\u0131n Sesi\\u2019nin bu s\\u00f6yle\\u015fisinde yas deneyimlerimizden bahsettik. Yas\\u0131m\\u0131z\\u0131 nas\\u0131l ya\\u015far\\u0131z? Kimlerin yas\\u0131n\\u0131 tutar\\u0131z? Yas gelip ge\\u00e7ici bir s\\u00fcre\\u00e7 mi? Peki yas rit\\u00fcellerimiz neler? \\u00d6lenin ard\\u0131ndan pi\\u015firdi\\u011fimiz yemekler, kurdu\\u011fumuz sofralar, dinledi\\u011fimiz \\u015fark\\u0131lar,&nbsp; payla\\u015ft\\u0131\\u011f\\u0131m\\u0131z an\\u0131lar neler? \\u0130\\u015fte t\\u00fcm bu sorulara iki yazar ile beraber cevap arad\\u0131k, Takuhi Tovmasyan ve Sepin \\u0130nceer ile sohbet ettik, yas hikayelerimizi d\\u00f6kt\\u00fck ortaya\\u2026&lt;\\\/p&gt;\\n&lt;p&gt;&lt;strong&gt;S\\u00f6yle\\u015fi:&nbsp;&lt;\\\/strong&gt;Beril Sar\\u0131altun, Duygu Dalyano\\u011flu, Nihal Albayrak&lt;\\\/p&gt;\\n&lt;p&gt;&lt;strong&gt;M\\u00fczik, Ses Kurgu ve Miks:&nbsp;&lt;\\\/strong&gt;Beril Sar\\u0131altun&lt;\\\/p&gt;\\n&lt;p&gt;&lt;strong&gt;G\\u00f6rsel Tasar\\u0131m ve Uygulama:&nbsp;&lt;\\\/strong&gt;Dilek \\u015eeny\\u00fcrek&lt;\\\/p&gt;\\n&lt;p&gt;Bize ses kayd\\u0131 g\\u00f6ndermek i\\u00e7in:&lt;\\\/p&gt;\\n&lt;ul&gt;\\n&lt;li&gt;+905394402394 numaral\\u0131 telefon hatt\\u0131m\\u0131za WhatsApp \\u00fczerinden ses kayd\\u0131 g\\u00f6nderebilirsiniz ya da bu numaraya mesaj atarsan\\u0131z sizinle ileti\\u015fime ge\\u00e7ebiliriz.&lt;\\\/li&gt;\\n&lt;li&gt;&lt;a href=\\&quot;mailto:info@kninsesi.com\\&quot; target=\\&quot;_blank\\&quot;&gt;info@kninsesi.com&lt;\\\/a&gt;&nbsp;adresine mail atabilirsiniz.&lt;\\\/li&gt;\\n&lt;li&gt;A\\u015fa\\u011f\\u0131da yer alan sosyal medya hesaplar\\u0131m\\u0131zdan da bize ses kayd\\u0131 g\\u00f6nderebilirsiniz:&lt;\\\/li&gt;\\n&lt;\\\/ul&gt;\\n&lt;p&gt;&lt;a href=\\&quot;http:\\\/\\\/instagram.com\\\/knin_sesi\\&quot; target=\\&quot;_blank\\&quot;&gt;instagram.com\\\/knin_sesi&lt;\\\/a&gt;&lt;\\\/p&gt;\\n&lt;p&gt;&lt;a href=\\&quot;http:\\\/\\\/facebook.com\\\/kninsesi\\&quot; target=\\&quot;_blank\\&quot;&gt;facebook.com\\\/kninsesi&lt;\\\/a&gt;&lt;\\\/p&gt;\\n&lt;p&gt;&lt;a href=\\&quot;http:\\\/\\\/twitter.com\\\/kninsesipodcast\\&quot; target=\\&quot;_blank\\&quot;&gt;twitter.com\\\/kninsesipodcast&lt;\\\/a&gt;&lt;\\\/p&gt;\\n&lt;p&gt;&lt;a href=\\&quot;http:\\\/\\\/www.kninsesi.com\\\/\\&quot; target=\\&quot;_blank\\&quot;&gt;www.kninsesi.com&lt;\\\/a&gt;&lt;\\\/p&gt;\\n&lt;p&gt;Yeni b\\u00f6l\\u00fcmlerden&nbsp;ve \\u00f6zel i\\u00e7eriklerimizden haberdar olmak i\\u00e7in ileti\\u015fim listemize kaydolun:&nbsp;&lt;a href=\\&quot;https:\\\/\\\/kninsesi.com\\\/bultene-uye-olun\\\/\\&quot; target=\\&quot;_blank\\&quot;&gt;https:\\\/\\\/kninsesi.com\\\/bultene-uye-olun\\\/&lt;\\\/a&gt;&lt;\\\/p&gt;\\n&lt;p&gt;(K\\u2019n\\u0131n Sesi&#8217;nin&nbsp;ikinci sezonu&nbsp;PRX ve Google Podcasts Creator Program\\u0131&#8217;n\\u0131n katk\\u0131lar\\u0131 ile \\u00fcretilmi\\u015ftir.)&lt;\\\/p&gt;\\n&quot;,&quot;author&quot;:&quot;K&#039;n\\u0131n Sesi&quot;,&quot;date&quot;:&quot;April 6, 2021&quot;,&quot;link&quot;:&quot;https:\\\/\\\/podcasters.spotify.com\\\/pod\\\/show\\\/knin-sesi\\\/episodes\\\/2--Sezon-1--Sohbet-Yasmz-Nasl-Yaarz--Sepin-nceer--Takuhi-Tovmasyan-ile-euc88c&quot;,&quot;src&quot;:&quot;https:\\\/\\\/anchor.fm\\\/s\\\/26d82dc4\\\/podcast\\\/play\\\/30858956\\\/https%3A%2F%2Fd3ctxlq1ktw2nl.cloudfront.net%2Fstaging%2F2021-3-6%2F172893615-44100-2-464445cce445.m4a&quot;,&quot;featured&quot;:&quot;https:\\\/\\\/kninsesi.com\\\/wp-content\\\/uploads\\\/2021\\\/06\\\/6417017-1617744094312-08a87c49fa853-768x768.jpg&quot;,&quot;mediatype&quot;:&quot;audio&quot;,&quot;featured_id&quot;:3081,&quot;key&quot;:&quot;9435c0dedc4fb7b8a73bb2192c8ab9df&quot;,&quot;fset&quot;:&quot;https:\\\/\\\/kninsesi.com\\\/wp-content\\\/uploads\\\/2021\\\/06\\\/6417017-1617744094312-08a87c49fa853-768x768.jpg 768w, https:\\\/\\\/kninsesi.com\\\/wp-content\\\/uploads\\\/2021\\\/06\\\/6417017-1617744094312-08a87c49fa853-300x300.jpg 300w, https:\\\/\\\/kninsesi.com\\\/wp-content\\\/uploads\\\/2021\\\/06\\\/6417017-1617744094312-08a87c49fa853-1024x1024.jpg 1024w, https:\\\/\\\/kninsesi.com\\\/wp-content\\\/uploads\\\/2021\\\/06\\\/6417017-1617744094312-08a87c49fa853-150x150.jpg 150w, https:\\\/\\\/kninsesi.com\\\/wp-content\\\/uploads\\\/2021\\\/06\\\/6417017-1617744094312-08a87c49fa853-1536x1536.jpg 1536w, https:\\\/\\\/kninsesi.com\\\/wp-content\\\/uploads\\\/2021\\\/06\\\/6417017-1617744094312-08a87c49fa853-2048x2048.jpg 2048w, https:\\\/\\\/kninsesi.com\\\/wp-content\\\/uploads\\\/2021\\\/06\\\/6417017-1617744094312-08a87c49fa853-12x12.jpg 12w, https:\\\/\\\/kninsesi.com\\\/wp-content\\\/uploads\\\/2021\\\/06\\\/6417017-1617744094312-08a87c49fa853-800x800.jpg 800w, https:\\\/\\\/kninsesi.com\\\/wp-content\\\/uploads\\\/2021\\\/06\\\/6417017-1617744094312-08a87c49fa853-400x400.jpg 400w&quot;},&quot;ppe-3890-13&quot;:{&quot;title&quot;:&quot;Sohbet #6: Alzheimer, Ya\\u015fl\\u0131l\\u0131k ve Ya\\u015f Ayr\\u0131mc\\u0131l\\u0131\\u011f\\u0131 \\u00dczerine&quot;,&quot;description&quot;:&quot;&lt;p&gt;Duygu Dalyano\\u011flu ve \\u00d6zlem Aslan bu b\\u00f6l\\u00fcmde \\u0130stanbul Bilgi \\u00dcniversitesi \\u00f6\\u011fretim \\u00fcyesi Do\\u00e7. Dr. It\\u0131r Erhart ile Alzheimer, ya\\u015fl\\u0131l\\u0131k ve ya\\u015f\\u00e7\\u0131l\\u0131k \\u00fczerine konu\\u015fuyorlar. Pandemi \\u00f6ncesi ve sonras\\u0131nda ya\\u015fl\\u0131l\\u0131\\u011fa bak\\u0131\\u015f\\u0131n toplumda nas\\u0131l \\u015fekillendi\\u011fini tart\\u0131\\u015f\\u0131yorlar.&lt;\\\/p&gt;\\n&lt;p&gt;S\\u00f6yle\\u015fi Kapak Tasar\\u0131m\\u0131 ve Uygulama: Dilek \\u015eeny\\u00fcrek&lt;\\\/p&gt;\\n&lt;p&gt;Jenerik M\\u00fczik, Ses Kurgu ve Miks: Beril Sar\\u0131altun&lt;\\\/p&gt;\\n&lt;p&gt;Jenerik Seslendirme: Feryal \\u00d6ney&lt;\\\/p&gt;\\n&lt;p&gt;*Bu s\\u00f6yle\\u015fi ayr\\u0131 mekanlarda, uzaktan kaydedilmi\\u015ftir.&lt;\\\/p&gt;\\n&quot;,&quot;author&quot;:&quot;K&#039;n\\u0131n Sesi&quot;,&quot;date&quot;:&quot;September 1, 2020&quot;,&quot;link&quot;:&quot;https:\\\/\\\/podcasters.spotify.com\\\/pod\\\/show\\\/knin-sesi\\\/episodes\\\/Sohbet-6-Alzheimer--Yallk-ve-Ya-Ayrmcl-zerine-eiva72&quot;,&quot;src&quot;:&quot;https:\\\/\\\/anchor.fm\\\/s\\\/26d82dc4\\\/podcast\\\/play\\\/18900642\\\/https%3A%2F%2Fd3ctxlq1ktw2nl.cloudfront.net%2Fstaging%2F2020-8-1%2F74fe57f1-dbae-8799-a54a-6677d0cf60e1.mp3&quot;,&quot;featured&quot;:&quot;https:\\\/\\\/kninsesi.com\\\/wp-content\\\/uploads\\\/2021\\\/06\\\/6417017-1598953831003-fa5accd18b4e3-768x768.jpg&quot;,&quot;mediatype&quot;:&quot;audio&quot;,&quot;featured_id&quot;:3084,&quot;key&quot;:&quot;3df709882f352a0ed24dde251e41a070&quot;,&quot;fset&quot;:&quot;https:\\\/\\\/kninsesi.com\\\/wp-content\\\/uploads\\\/2021\\\/06\\\/6417017-1598953831003-fa5accd18b4e3-768x768.jpg 768w, https:\\\/\\\/kninsesi.com\\\/wp-content\\\/uploads\\\/2021\\\/06\\\/6417017-1598953831003-fa5accd18b4e3-300x300.jpg 300w, https:\\\/\\\/kninsesi.com\\\/wp-content\\\/uploads\\\/2021\\\/06\\\/6417017-1598953831003-fa5accd18b4e3-1024x1024.jpg 1024w, https:\\\/\\\/kninsesi.com\\\/wp-content\\\/uploads\\\/2021\\\/06\\\/6417017-1598953831003-fa5accd18b4e3-150x150.jpg 150w, https:\\\/\\\/kninsesi.com\\\/wp-content\\\/uploads\\\/2021\\\/06\\\/6417017-1598953831003-fa5accd18b4e3-1536x1536.jpg 1536w, https:\\\/\\\/kninsesi.com\\\/wp-content\\\/uploads\\\/2021\\\/06\\\/6417017-1598953831003-fa5accd18b4e3-2048x2048.jpg 2048w, https:\\\/\\\/kninsesi.com\\\/wp-content\\\/uploads\\\/2021\\\/06\\\/6417017-1598953831003-fa5accd18b4e3-12x12.jpg 12w, https:\\\/\\\/kninsesi.com\\\/wp-content\\\/uploads\\\/2021\\\/06\\\/6417017-1598953831003-fa5accd18b4e3-800x800.jpg 800w, https:\\\/\\\/kninsesi.com\\\/wp-content\\\/uploads\\\/2021\\\/06\\\/6417017-1598953831003-fa5accd18b4e3-400x400.jpg 400w&quot;},&quot;ppe-3890-14&quot;:{&quot;title&quot;:&quot;Sohbet #5: Pandemi Tarihi \\u00dczerine&quot;,&quot;description&quot;:&quot;&lt;p&gt;Duygu Dalyano\\u011flu ve \\u00d6zlem Aslan bu b\\u00f6l\\u00fcmde Rutgers \\u00dcniversitesi ve G\\u00fcney Carolina \\u00dcniversitesi \\u00f6\\u011fretim \\u00fcyesi Do\\u00e7. Dr. N\\u00fckhet Varl\\u0131k ile pandemi tarihi, toplum ve toplumsal cinsiyet ili\\u015fkisi \\u00fczerine konu\\u015fuyor; ge\\u00e7mi\\u015f pandemi deneyimlerini bug\\u00fcne referansla da tart\\u0131\\u015f\\u0131yorlar.&lt;\\\/p&gt;\\n&lt;p&gt;S\\u00f6yle\\u015fi Kapak Tasar\\u0131m\\u0131 ve Uygulama: Dilek \\u015eeny\\u00fcrek&lt;\\\/p&gt;\\n&lt;p&gt;Jenerik M\\u00fczik, Ses Kurgu ve Miks: Beril Sar\\u0131altun&lt;\\\/p&gt;\\n&lt;p&gt;Jenerik Seslendirme: Feryal \\u00d6ney&lt;\\\/p&gt;\\n&lt;p&gt;*Bu s\\u00f6yle\\u015fi ayr\\u0131 mekanlarda, uzaktan kaydedilmi\\u015ftir.&lt;\\\/p&gt;\\n&quot;,&quot;author&quot;:&quot;K&#039;n\\u0131n Sesi&quot;,&quot;date&quot;:&quot;July 24, 2020&quot;,&quot;link&quot;:&quot;https:\\\/\\\/podcasters.spotify.com\\\/pod\\\/show\\\/knin-sesi\\\/episodes\\\/Sohbet-5-Pandemi-Tarihi-zerine-eh64q4&quot;,&quot;src&quot;:&quot;https:\\\/\\\/anchor.fm\\\/s\\\/26d82dc4\\\/podcast\\\/play\\\/17027332\\\/https%3A%2F%2Fd3ctxlq1ktw2nl.cloudfront.net%2Fstaging%2F2020-6-24%2F42c81c0b-9ea6-d304-e498-dc39cf7e532e.mp3&quot;,&quot;featured&quot;:&quot;https:\\\/\\\/kninsesi.com\\\/wp-content\\\/uploads\\\/2021\\\/06\\\/6417017-1595589266145-d80b3ae1ab62-768x768.jpg&quot;,&quot;mediatype&quot;:&quot;audio&quot;,&quot;featured_id&quot;:3086,&quot;key&quot;:&quot;d068cf852210beceec0f12f1acee47ca&quot;,&quot;fset&quot;:&quot;https:\\\/\\\/kninsesi.com\\\/wp-content\\\/uploads\\\/2021\\\/06\\\/6417017-1595589266145-d80b3ae1ab62-768x768.jpg 768w, https:\\\/\\\/kninsesi.com\\\/wp-content\\\/uploads\\\/2021\\\/06\\\/6417017-1595589266145-d80b3ae1ab62-300x300.jpg 300w, https:\\\/\\\/kninsesi.com\\\/wp-content\\\/uploads\\\/2021\\\/06\\\/6417017-1595589266145-d80b3ae1ab62-1024x1024.jpg 1024w, https:\\\/\\\/kninsesi.com\\\/wp-content\\\/uploads\\\/2021\\\/06\\\/6417017-1595589266145-d80b3ae1ab62-150x150.jpg 150w, https:\\\/\\\/kninsesi.com\\\/wp-content\\\/uploads\\\/2021\\\/06\\\/6417017-1595589266145-d80b3ae1ab62-1536x1536.jpg 1536w, https:\\\/\\\/kninsesi.com\\\/wp-content\\\/uploads\\\/2021\\\/06\\\/6417017-1595589266145-d80b3ae1ab62-2048x2048.jpg 2048w, https:\\\/\\\/kninsesi.com\\\/wp-content\\\/uploads\\\/2021\\\/06\\\/6417017-1595589266145-d80b3ae1ab62-12x12.jpg 12w, https:\\\/\\\/kninsesi.com\\\/wp-content\\\/uploads\\\/2021\\\/06\\\/6417017-1595589266145-d80b3ae1ab62-800x800.jpg 800w, https:\\\/\\\/kninsesi.com\\\/wp-content\\\/uploads\\\/2021\\\/06\\\/6417017-1595589266145-d80b3ae1ab62-400x400.jpg 400w&quot;},&quot;ppe-3890-15&quot;:{&quot;title&quot;:&quot;Sohbet #4: Kad\\u0131nlar\\u0131n &#8221;\\u0130\\u015fg\\u00fcc\\u00fc&#8221;ne Kat\\u0131l\\u0131m\\u0131&quot;,&quot;description&quot;:&quot;&lt;p&gt;Duygu Dalyano\\u011flu ve \\u00d6zlem Aslan bu b\\u00f6l\\u00fcmde&nbsp;Bo\\u011fazi\\u00e7i \\u00dcniversitesi Ekonomi B\\u00f6l\\u00fcm\\u00fc emekli \\u00f6\\u011fretim \\u00fcyesi Prof. Dr. \\u015eemsa \\u00d6zar ve Ankara \\u00dcniversitesi Ekonomi B\\u00f6l\\u00fcm\\u00fc \\u00f6\\u011fretim \\u00fcyesi Do\\u00e7. Dr. Emel Memi\\u015f ile kad\\u0131n \\u00f6zg\\u00fcrle\\u015fmesi ve kad\\u0131nlar\\u0131n i\\u015fg\\u00fcc\\u00fcne kat\\u0131l\\u0131m\\u0131 aras\\u0131ndaki ili\\u015fkiyi masaya yat\\u0131r\\u0131yorlar. Neoliberal kapitalizm ile birlikte artan ve pandemi s\\u00fcreci&nbsp;&nbsp;ile katmerlenen g\\u00fcvencesiz i\\u015f ko\\u015fullar\\u0131nda istihdam\\u0131, cinsiyet\\u00e7i i\\u015fb\\u00f6l\\u00fcm\\u00fcn\\u00fc, bak\\u0131m eme\\u011fini konu\\u015furken olas\\u0131 m\\u00fccadele yollar\\u0131n\\u0131 g\\u00f6zden ge\\u00e7iriyorlar.&lt;\\\/p&gt;\\n&lt;p&gt;&lt;\\\/p&gt;\\n&lt;p&gt;S\\u00f6yle\\u015fi Kapak Tasar\\u0131m\\u0131 ve Uygulama: Dilek \\u015eeny\\u00fcrek&lt;\\\/p&gt;\\n&lt;p&gt;Jenerik M\\u00fczik, Ses Kurgu ve Miks: Beril Sar\\u0131altun&lt;\\\/p&gt;\\n&lt;p&gt;Jenerik Seslendirme: Feryal \\u00d6ney&lt;\\\/p&gt;\\n&lt;p&gt;*Bu s\\u00f6yle\\u015fi ayr\\u0131 mekanlarda, uzaktan kaydedilmi\\u015ftir.&lt;\\\/p&gt;\\n&quot;,&quot;author&quot;:&quot;K&#039;n\\u0131n Sesi&quot;,&quot;date&quot;:&quot;July 18, 2020&quot;,&quot;link&quot;:&quot;https:\\\/\\\/podcasters.spotify.com\\\/pod\\\/show\\\/knin-sesi\\\/episodes\\\/Sohbet-4-Kadnlarn-gcne-Katlm-egtfp3&quot;,&quot;src&quot;:&quot;https:\\\/\\\/anchor.fm\\\/s\\\/26d82dc4\\\/podcast\\\/play\\\/16743651\\\/https%3A%2F%2Fd3ctxlq1ktw2nl.cloudfront.net%2Fstaging%2F2020-6-18%2F0d552da0-420d-2b2a-5138-9433189c36c8.mp3&quot;,&quot;featured&quot;:&quot;https:\\\/\\\/kninsesi.com\\\/wp-content\\\/uploads\\\/2021\\\/06\\\/6417017-1595065828900-2853cf88b7033-768x768.jpg&quot;,&quot;mediatype&quot;:&quot;audio&quot;,&quot;featured_id&quot;:3090,&quot;key&quot;:&quot;371287131f4893eff36388213f2cd800&quot;,&quot;fset&quot;:&quot;https:\\\/\\\/kninsesi.com\\\/wp-content\\\/uploads\\\/2021\\\/06\\\/6417017-1595065828900-2853cf88b7033-768x768.jpg 768w, https:\\\/\\\/kninsesi.com\\\/wp-content\\\/uploads\\\/2021\\\/06\\\/6417017-1595065828900-2853cf88b7033-300x300.jpg 300w, https:\\\/\\\/kninsesi.com\\\/wp-content\\\/uploads\\\/2021\\\/06\\\/6417017-1595065828900-2853cf88b7033-1024x1024.jpg 1024w, https:\\\/\\\/kninsesi.com\\\/wp-content\\\/uploads\\\/2021\\\/06\\\/6417017-1595065828900-2853cf88b7033-150x150.jpg 150w, https:\\\/\\\/kninsesi.com\\\/wp-content\\\/uploads\\\/2021\\\/06\\\/6417017-1595065828900-2853cf88b7033-1536x1536.jpg 1536w, https:\\\/\\\/kninsesi.com\\\/wp-content\\\/uploads\\\/2021\\\/06\\\/6417017-1595065828900-2853cf88b7033-2048x2048.jpg 2048w, https:\\\/\\\/kninsesi.com\\\/wp-content\\\/uploads\\\/2021\\\/06\\\/6417017-1595065828900-2853cf88b7033-12x12.jpg 12w, https:\\\/\\\/kninsesi.com\\\/wp-content\\\/uploads\\\/2021\\\/06\\\/6417017-1595065828900-2853cf88b7033-800x800.jpg 800w, https:\\\/\\\/kninsesi.com\\\/wp-content\\\/uploads\\\/2021\\\/06\\\/6417017-1595065828900-2853cf88b7033-400x400.jpg 400w&quot;},&quot;ppe-3890-16&quot;:{&quot;title&quot;:&quot;Sohbet #3: &#8221;Kad\\u0131na Y\\u00f6nelik \\u015eiddet&#8221; \\u00dczerine&quot;,&quot;description&quot;:&quot;&lt;p&gt;Duygu Dalyano\\u011flu ve \\u00d6zlem Aslan bu b\\u00f6l\\u00fcmde Hacettepe \\u00dcniversitesi N\\u00fcfus Et\\u00fctleri Enstit\\u00fcs\\u00fc \\u00f6\\u011fretim \\u00fcyesi Do\\u00e7. Dr. \\u0130lknur Y\\u00fcksel ile kad\\u0131na y\\u00f6nelik \\u015fiddet hakk\\u0131ndaki ara\\u015ft\\u0131rmalar\\u0131 \\u00fczerine konu\\u015fuyorlar. Kad\\u0131nlar\\u0131n \\u015fiddet g\\u00f6rmesini etkileyen toplumsal fakt\\u00f6rleri ve bu fakt\\u00f6rlerle m\\u00fccadele i\\u00e7in geli\\u015ftirilen sosyal politikalar\\u0131n imkanlar\\u0131n\\u0131 ve s\\u0131n\\u0131rlar\\u0131n\\u0131 salg\\u0131n d\\u00f6nemine vurgu yaparak tart\\u0131\\u015f\\u0131yorlar.&lt;\\\/p&gt;\\n&lt;p&gt;&lt;\\\/p&gt;\\n&lt;p&gt;S\\u00f6yle\\u015fi Kapak Tasar\\u0131m\\u0131 ve Uygulama: Dilek \\u015eeny\\u00fcrek&lt;\\\/p&gt;\\n&lt;p&gt;Jenerik M\\u00fczik, Ses Kurgu ve Miks: Beril Sar\\u0131altun&lt;\\\/p&gt;\\n&lt;p&gt;Jenerik Seslendirme: Feryal \\u00d6ney&lt;\\\/p&gt;\\n&lt;p&gt;*Bu s\\u00f6yle\\u015fi ayr\\u0131 mekanlarda, uzaktan kaydedilmi\\u015ftir.&lt;\\\/p&gt;\\n&quot;,&quot;author&quot;:&quot;K&#039;n\\u0131n Sesi&quot;,&quot;date&quot;:&quot;July 9, 2020&quot;,&quot;link&quot;:&quot;https:\\\/\\\/podcasters.spotify.com\\\/pod\\\/show\\\/knin-sesi\\\/episodes\\\/Sohbet-3-Kadna-Ynelik-iddet-zerine-eggm8h&quot;,&quot;src&quot;:&quot;https:\\\/\\\/anchor.fm\\\/s\\\/26d82dc4\\\/podcast\\\/play\\\/16324305\\\/https%3A%2F%2Fd3ctxlq1ktw2nl.cloudfront.net%2Fstaging%2F2020-6-9%2Fa823f520-5f62-44a3-94c8-84e4aebc4366.mp3&quot;,&quot;featured&quot;:&quot;https:\\\/\\\/kninsesi.com\\\/wp-content\\\/uploads\\\/2021\\\/06\\\/6417017-1594290213075-7c9bde42be98b-768x768.jpg&quot;,&quot;mediatype&quot;:&quot;audio&quot;,&quot;featured_id&quot;:3092,&quot;key&quot;:&quot;2f85e6950d8400b67e6cb87b1f440476&quot;,&quot;fset&quot;:&quot;https:\\\/\\\/kninsesi.com\\\/wp-content\\\/uploads\\\/2021\\\/06\\\/6417017-1594290213075-7c9bde42be98b-768x768.jpg 768w, https:\\\/\\\/kninsesi.com\\\/wp-content\\\/uploads\\\/2021\\\/06\\\/6417017-1594290213075-7c9bde42be98b-300x300.jpg 300w, https:\\\/\\\/kninsesi.com\\\/wp-content\\\/uploads\\\/2021\\\/06\\\/6417017-1594290213075-7c9bde42be98b-1024x1024.jpg 1024w, https:\\\/\\\/kninsesi.com\\\/wp-content\\\/uploads\\\/2021\\\/06\\\/6417017-1594290213075-7c9bde42be98b-150x150.jpg 150w, https:\\\/\\\/kninsesi.com\\\/wp-content\\\/uploads\\\/2021\\\/06\\\/6417017-1594290213075-7c9bde42be98b-1536x1536.jpg 1536w, https:\\\/\\\/kninsesi.com\\\/wp-content\\\/uploads\\\/2021\\\/06\\\/6417017-1594290213075-7c9bde42be98b-2048x2048.jpg 2048w, https:\\\/\\\/kninsesi.com\\\/wp-content\\\/uploads\\\/2021\\\/06\\\/6417017-1594290213075-7c9bde42be98b-12x12.jpg 12w, https:\\\/\\\/kninsesi.com\\\/wp-content\\\/uploads\\\/2021\\\/06\\\/6417017-1594290213075-7c9bde42be98b-800x800.jpg 800w, https:\\\/\\\/kninsesi.com\\\/wp-content\\\/uploads\\\/2021\\\/06\\\/6417017-1594290213075-7c9bde42be98b-400x400.jpg 400w&quot;},&quot;ppe-3890-17&quot;:{&quot;title&quot;:&quot;Sohbet #2: Korona S\\u00fcrecinde LGBT\\u0130+ Deneyimleri&quot;,&quot;description&quot;:&quot;&lt;p&gt;Duygu Dalyano\\u011flu ve \\u00d6zlem Aslan bu b\\u00f6l\\u00fcmde SPoD Dan\\u0131\\u015fma Hatt\\u0131 sorumlusu olarak \\u00e7al\\u0131\\u015fan, LGBT\\u0130+ haklar\\u0131 savunucu Cem \\u00d6zt\\u00fcrk ile SPoD\\u2019un yak\\u0131n zamanda yay\\u0131mlad\\u0131\\u011f\\u0131 Pandemi Raporu\\u2019ndan da hareketle LGBT\\u0130+ bireylerin salg\\u0131n\\u0131 nas\\u0131l deneyimlediklerini konu\\u015fuyorlar.&lt;\\\/p&gt;\\n&lt;p&gt;S\\u00f6yle\\u015fi Kapak Tasar\\u0131m\\u0131 ve Uygulama: Dilek \\u015eeny\\u00fcrek&lt;\\\/p&gt;\\n&lt;p&gt;Jenerik M\\u00fczik, Ses Kurgu ve Miks: Beril Sar\\u0131altun&lt;\\\/p&gt;\\n&lt;p&gt;Jenerik Seslendirme: Feryal \\u00d6ney&lt;\\\/p&gt;\\n&lt;p&gt;&lt;\\\/p&gt;\\n&lt;p&gt;*Bu s\\u00f6yle\\u015fi ayr\\u0131 mekanlarda, uzaktan kaydedilmi\\u015ftir.&lt;\\\/p&gt;\\n&quot;,&quot;author&quot;:&quot;K&#039;n\\u0131n Sesi&quot;,&quot;date&quot;:&quot;July 1, 2020&quot;,&quot;link&quot;:&quot;https:\\\/\\\/podcasters.spotify.com\\\/pod\\\/show\\\/knin-sesi\\\/episodes\\\/Sohbet-2-Korona-Srecinde-LGBT-Deneyimleri-eg5vpd&quot;,&quot;src&quot;:&quot;https:\\\/\\\/anchor.fm\\\/s\\\/26d82dc4\\\/podcast\\\/play\\\/15973613\\\/https%3A%2F%2Fd3ctxlq1ktw2nl.cloudfront.net%2Fproduction%2F2020-6-1%2F86798628-44100-2-0fda81e8d7f21.mp3&quot;,&quot;featured&quot;:&quot;https:\\\/\\\/kninsesi.com\\\/wp-content\\\/uploads\\\/2021\\\/06\\\/6417017-1593612289525-b87158fd93dd2-768x768.jpg&quot;,&quot;mediatype&quot;:&quot;audio&quot;,&quot;featured_id&quot;:3094,&quot;key&quot;:&quot;595d18e7bc3f7f7a15d91db2dd8d9030&quot;,&quot;fset&quot;:&quot;https:\\\/\\\/kninsesi.com\\\/wp-content\\\/uploads\\\/2021\\\/06\\\/6417017-1593612289525-b87158fd93dd2-768x768.jpg 768w, https:\\\/\\\/kninsesi.com\\\/wp-content\\\/uploads\\\/2021\\\/06\\\/6417017-1593612289525-b87158fd93dd2-300x300.jpg 300w, https:\\\/\\\/kninsesi.com\\\/wp-content\\\/uploads\\\/2021\\\/06\\\/6417017-1593612289525-b87158fd93dd2-1024x1024.jpg 1024w, https:\\\/\\\/kninsesi.com\\\/wp-content\\\/uploads\\\/2021\\\/06\\\/6417017-1593612289525-b87158fd93dd2-150x150.jpg 150w, https:\\\/\\\/kninsesi.com\\\/wp-content\\\/uploads\\\/2021\\\/06\\\/6417017-1593612289525-b87158fd93dd2-1536x1536.jpg 1536w, https:\\\/\\\/kninsesi.com\\\/wp-content\\\/uploads\\\/2021\\\/06\\\/6417017-1593612289525-b87158fd93dd2-2048x2048.jpg 2048w, https:\\\/\\\/kninsesi.com\\\/wp-content\\\/uploads\\\/2021\\\/06\\\/6417017-1593612289525-b87158fd93dd2-12x12.jpg 12w, https:\\\/\\\/kninsesi.com\\\/wp-content\\\/uploads\\\/2021\\\/06\\\/6417017-1593612289525-b87158fd93dd2-800x800.jpg 800w, https:\\\/\\\/kninsesi.com\\\/wp-content\\\/uploads\\\/2021\\\/06\\\/6417017-1593612289525-b87158fd93dd2-400x400.jpg 400w&quot;},&quot;ppe-3890-18&quot;:{&quot;title&quot;:&quot;Sohbet #1: Karantina Psikolojisi ve Toplumsal Cinsiyet&quot;,&quot;description&quot;:&quot;&lt;p&gt;Duygu Dalyano\\u011flu ve \\u00d6zlem Aslan bu b\\u00f6l\\u00fcmde psikiyatrist Ay\\u015fe Devrim Ba\\u015fterzi ile izolasyon psikolojisi ve toplumsal cinsiyet \\u00fczerine konu\\u015fuyor. Sohbete, K&#8217;n\\u0131n Sesi serisindeki &#8221;Ellerim G\\u00f6zlerim Oldu&#8221; adl\\u0131 k\\u0131sa oyundan hareketle ba\\u015fl\\u0131yor ve program boyunca toplumsal e\\u015fitsizli\\u011fin farkl\\u0131 bi\\u00e7imlerinin ruh sa\\u011fl\\u0131\\u011f\\u0131 \\u00fczerindeki etkisini tart\\u0131\\u015f\\u0131yorlar.\\n&lt;\\\/p&gt;\\n&lt;p&gt;S\\u00f6yle\\u015fi Kapak Tasar\\u0131m\\u0131 ve Uygulama: Dilek \\u015eeny\\u00fcrek&lt;\\\/p&gt;\\n&lt;p&gt;Jenerik M\\u00fczik, Ses Kurgu ve Miks: Beril Sar\\u0131altun&lt;\\\/p&gt;\\n&lt;p&gt;Jenerik Seslendirme: Feryal \\u00d6ney&lt;\\\/p&gt;\\n&lt;p&gt;&lt;\\\/p&gt;\\n&lt;p&gt;*Bu s\\u00f6yle\\u015fi ayr\\u0131 mekanlarda, uzaktan kaydedilmi\\u015ftir.&lt;\\\/p&gt;\\n&lt;p&gt;&lt;\\\/p&gt;\\n&quot;,&quot;author&quot;:&quot;K&#039;n\\u0131n Sesi&quot;,&quot;date&quot;:&quot;June 23, 2020&quot;,&quot;link&quot;:&quot;https:\\\/\\\/podcasters.spotify.com\\\/pod\\\/show\\\/knin-sesi\\\/episodes\\\/Sohbet-1-Karantina-Psikolojisi-ve-Toplumsal-Cinsiyet-efntsp&quot;,&quot;src&quot;:&quot;https:\\\/\\\/anchor.fm\\\/s\\\/26d82dc4\\\/podcast\\\/play\\\/15512921\\\/https%3A%2F%2Fd3ctxlq1ktw2nl.cloudfront.net%2Fproduction%2F2020-5-21%2F84191599-44100-2-1f25383c86149.mp3&quot;,&quot;featured&quot;:&quot;https:\\\/\\\/kninsesi.com\\\/wp-content\\\/uploads\\\/2021\\\/06\\\/6417017-1592768998856-240bdec8ee69-768x768.jpg&quot;,&quot;mediatype&quot;:&quot;audio&quot;,&quot;featured_id&quot;:3097,&quot;key&quot;:&quot;f060437e3e7d694f4095c00d08c87e44&quot;,&quot;fset&quot;:&quot;https:\\\/\\\/kninsesi.com\\\/wp-content\\\/uploads\\\/2021\\\/06\\\/6417017-1592768998856-240bdec8ee69-768x768.jpg 768w, https:\\\/\\\/kninsesi.com\\\/wp-content\\\/uploads\\\/2021\\\/06\\\/6417017-1592768998856-240bdec8ee69-300x300.jpg 300w, https:\\\/\\\/kninsesi.com\\\/wp-content\\\/uploads\\\/2021\\\/06\\\/6417017-1592768998856-240bdec8ee69-1024x1024.jpg 1024w, https:\\\/\\\/kninsesi.com\\\/wp-content\\\/uploads\\\/2021\\\/06\\\/6417017-1592768998856-240bdec8ee69-150x150.jpg 150w, https:\\\/\\\/kninsesi.com\\\/wp-content\\\/uploads\\\/2021\\\/06\\\/6417017-1592768998856-240bdec8ee69-1536x1536.jpg 1536w, https:\\\/\\\/kninsesi.com\\\/wp-content\\\/uploads\\\/2021\\\/06\\\/6417017-1592768998856-240bdec8ee69-2048x2048.jpg 2048w, https:\\\/\\\/kninsesi.com\\\/wp-content\\\/uploads\\\/2021\\\/06\\\/6417017-1592768998856-240bdec8ee69-12x12.jpg 12w, https:\\\/\\\/kninsesi.com\\\/wp-content\\\/uploads\\\/2021\\\/06\\\/6417017-1592768998856-240bdec8ee69-800x800.jpg 800w, https:\\\/\\\/kninsesi.com\\\/wp-content\\\/uploads\\\/2021\\\/06\\\/6417017-1592768998856-240bdec8ee69-400x400.jpg 400w&quot;},&quot;load_info&quot;:{&quot;loaded&quot;:18,&quot;displayed&quot;:10,&quot;maxItems&quot;:18,&quot;src&quot;:&quot;cf0b6c2f88962b206dc2c2712380e394&quot;,&quot;step&quot;:10,&quot;sortby&quot;:&quot;sort_date_desc&quot;,&quot;filterby&quot;:&quot;Sohbet&quot;,&quot;fixed&quot;:&quot;&quot;,&quot;args&quot;:{&quot;imgurl&quot;:&quot;https:\\\/\\\/kninsesi.com\\\/wp-content\\\/uploads\\\/2021\\\/06\\\/6417017-1615472975336-2920d42c19152-2-768x768.jpg&quot;,&quot;imgset&quot;:&quot;https:\\\/\\\/kninsesi.com\\\/wp-content\\\/uploads\\\/2021\\\/06\\\/6417017-1615472975336-2920d42c19152-2-768x768.jpg 768w, https:\\\/\\\/kninsesi.com\\\/wp-content\\\/uploads\\\/2021\\\/06\\\/6417017-1615472975336-2920d42c19152-2-300x300.jpg 300w, https:\\\/\\\/kninsesi.com\\\/wp-content\\\/uploads\\\/2021\\\/06\\\/6417017-1615472975336-2920d42c19152-2-1024x1024.jpg 1024w, https:\\\/\\\/kninsesi.com\\\/wp-content\\\/uploads\\\/2021\\\/06\\\/6417017-1615472975336-2920d42c19152-2-150x150.jpg 150w, https:\\\/\\\/kninsesi.com\\\/wp-content\\\/uploads\\\/2021\\\/06\\\/6417017-1615472975336-2920d42c19152-2-1536x1536.jpg 1536w, https:\\\/\\\/kninsesi.com\\\/wp-content\\\/uploads\\\/2021\\\/06\\\/6417017-1615472975336-2920d42c19152-2-2048x2048.jpg 2048w, https:\\\/\\\/kninsesi.com\\\/wp-content\\\/uploads\\\/2021\\\/06\\\/6417017-1615472975336-2920d42c19152-2-12x12.jpg 12w, https:\\\/\\\/kninsesi.com\\\/wp-content\\\/uploads\\\/2021\\\/06\\\/6417017-1615472975336-2920d42c19152-2-800x800.jpg 800w, https:\\\/\\\/kninsesi.com\\\/wp-content\\\/uploads\\\/2021\\\/06\\\/6417017-1615472975336-2920d42c19152-2-400x400.jpg 400w&quot;,&quot;display&quot;:&quot;legacy&quot;,&quot;hddesc&quot;:0,&quot;hdfeat&quot;:0,&quot;oricov&quot;:&quot;https:\\\/\\\/d3t3ozftmdmh3i.cloudfront.net\\\/production\\\/podcast_uploaded_nologo\\\/6417017\\\/6417017-1615472975336-2920d42c19152.jpg&quot;,&quot;elength&quot;:18}},&quot;rdata&quot;:{&quot;permalink&quot;:&quot;https:\\\/\\\/kninsesi.com\\\/en\\\/wp-json\\\/wp\\\/v2\\\/pages\\\/1938&quot;,&quot;fprint&quot;:&quot;cf0b6c2f88962b206dc2c2712380e394&quot;,&quot;from&quot;:&quot;feedurl&quot;,&quot;elen&quot;:18,&quot;eunit&quot;:&quot;&quot;,&quot;title&quot;:&quot;K&#039;n\\u0131n Sesi&quot;}}\"><div class=\"pp-podcast__wrapper\"><div class=\"pp-podcast__info pod-info\"><div class=\"pod-info__header pod-header\"><div class=\"pod-header__image\"><img class=\"podcast-cover-image\" src=\"https:\/\/kninsesi.com\/wp-content\/uploads\/2021\/06\/6417017-1615472975336-2920d42c19152-2-768x768.jpg\" srcset=\"https:\/\/kninsesi.com\/wp-content\/uploads\/2021\/06\/6417017-1615472975336-2920d42c19152-2-768x768.jpg 768w, https:\/\/kninsesi.com\/wp-content\/uploads\/2021\/06\/6417017-1615472975336-2920d42c19152-2-300x300.jpg 300w, https:\/\/kninsesi.com\/wp-content\/uploads\/2021\/06\/6417017-1615472975336-2920d42c19152-2-1024x1024.jpg 1024w, https:\/\/kninsesi.com\/wp-content\/uploads\/2021\/06\/6417017-1615472975336-2920d42c19152-2-150x150.jpg 150w, https:\/\/kninsesi.com\/wp-content\/uploads\/2021\/06\/6417017-1615472975336-2920d42c19152-2-1536x1536.jpg 1536w, https:\/\/kninsesi.com\/wp-content\/uploads\/2021\/06\/6417017-1615472975336-2920d42c19152-2-2048x2048.jpg 2048w, https:\/\/kninsesi.com\/wp-content\/uploads\/2021\/06\/6417017-1615472975336-2920d42c19152-2-12x12.jpg 12w, https:\/\/kninsesi.com\/wp-content\/uploads\/2021\/06\/6417017-1615472975336-2920d42c19152-2-800x800.jpg 800w, https:\/\/kninsesi.com\/wp-content\/uploads\/2021\/06\/6417017-1615472975336-2920d42c19152-2-400x400.jpg 400w\" sizes=\"(max-width: 640px) 100vw, 25vw\" alt=\"K&#039;n\u0131n Sesi\"><\/div><div class=\"pod-header__items pod-items\"><div class=\"pod-items__title\">K&#039;n\u0131n Sesi<\/div><div class=\"pod-items__desc\"><p>YEN\u0130 POL\u0130S\u0130YE PODCAST D\u0130Z\u0130M\u0130Z &#8220;KIVILCIM&#8221;I D\u0130NLEMEK \u0130\u00c7\u0130N:<br \/>\nSpotify: https:\/\/t.ly\/V8tl<br \/>\nApple Podcast: https:\/\/t.ly\/j526<br \/>\nWeb Sitemiz: https:\/\/kninsesi.com\/bolumler\/<br \/>\nK\u2019n\u0131n Sesi, kad\u0131nlar\u0131n, kuirlerin hikayelerinin merkeze al\u0131nd\u0131\u011f\u0131 bir podcast kanal\u0131. Her sezon \u00fc\u00e7 boyutlu ses tasar\u0131m\u0131yla haz\u0131rlanm\u0131\u015f oyunlar yay\u0131ml\u0131yoruz ve dinleyiciyi tiyatro izleme deneyimine yakla\u015ft\u0131rarak hayal g\u00fcc\u00fcn\u00fc harekete ge\u00e7irmeyi hedefliyoruz. Her oyunu, oyunun temas\u0131ndan hareketle ger\u00e7ekle\u015ftirdi\u011fimiz sohbetler takip ediyor. Bu sohbetlerde ger\u00e7ek hayattan ki\u015filerin deneyimlerine odaklan\u0131yoruz.<\/p>\n<\/div><\/div><\/div><\/div><div class=\"pp-podcast__content pod-content\"><div class=\"pp-podcast__single\"><div class=\"pp-podcast__player\"><div class=\"pp-player-episode\"><audio id=\"pp-podcast-3890-player\" preload=\"none\" class=\"pp-podcast-episode\" style=\"width: 100%;\" controls=\"controls\"><source type=\"audio\/mpeg\" src=\"https:\/\/anchor.fm\/s\/26d82dc4\/podcast\/play\/52863306\/https%3A%2F%2Fd3ctxlq1ktw2nl.cloudfront.net%2Fstaging%2F2022-5-1%2F269130979-44100-2-0ca92b24fa03e.m4a\" \/><\/audio><\/div><\/div><div class=\"pod-content__episode episode-single\"><button class=\"episode-single__close\" aria-expanded=\"false\" aria-label=\"Close Single Episode\"><span class=\"btn-icon-wrap\"><svg class=\"icon icon-pp-x\" aria-hidden=\"true\" role=\"img\" focusable=\"false\"><use href=\"#icon-pp-x\" xlink:href=\"#icon-pp-x\"><\/use><\/svg><\/span><\/button><div class=\"episode-single__wrapper\"><div class=\"episode-single__header\"><div class=\"episode-single__title\">3. Sezon 8. Sohbet: &#8221;Hayat Bir M\u00fccadele: I\u015f\u0131n Eli\u00e7in ile Medyada Adalet&#8221;<\/div><div class=\"episode-single__author\"><span class=\"byname\">by<\/span><span class=\"single-author\">K&#039;n\u0131n Sesi<\/span><\/div><\/div><div class=\"episode-single__description\"><p>Su\u00e7 ve adalet temalar\u0131na odakland\u0131\u011f\u0131m\u0131z s\u00f6yle\u015fi serimizin son b\u00f6l\u00fcm\u00fcnde bas\u0131n \u00f6zg\u00fcrl\u00fc\u011f\u00fcn\u00fc ve haber alma \u00f6zg\u00fcrl\u00fc\u011f\u00fcn\u00fc konu\u015ftuk. Konu\u011fumuz gazeteci I\u015f\u0131n Eli\u00e7in ile birlikte hem g\u00fcn\u00fcm\u00fczde gazetecili\u011fin s\u0131n\u0131rlar\u0131n\u0131 hem de kendi gazetecilik yolculu\u011funu ele ald\u0131k.<\/p><p><strong>S\u00f6yle\u015fi: <\/strong>Beril Sar\u0131altun, Duygu Dalyano\u011flu<\/p><p><strong>Edit\u00f6r:<\/strong> Beril Sar\u0131altun<\/p><p><strong>M\u00fczik, Ses Kurgu ve Miks:<\/strong> Beril Sar\u0131altun<\/p><p><strong>Proje Asistan\u0131: <\/strong>Beg\u00fcm \u015eeng\u00fcl<\/p><p><strong>Kay\u0131t St\u00fcdyosu:<\/strong> Postane St\u00fcdyo<\/p><p><strong>G\u00f6rsel Tasar\u0131m ve Uygulama:<\/strong> Dilek \u015eeny\u00fcrek<\/p><p><strong>\u0130leti\u015fim Koordinat\u00f6r\u00fc:<\/strong> Nihal Albayrak<\/p><p>*Bu b\u00f6l\u00fcm Avrupa Birli\u011fi Sivil D\u00fc\u015f\u00fcn Program\u0131 kapsam\u0131nda Avrupa Birli\u011fi deste\u011fi ile haz\u0131rlanm\u0131\u015ft\u0131r. \u0130\u00e7eri\u011fin sorumlulu\u011fu tamam\u0131yla K\u2019n\u0131n Sesi\u2019ne aittir ve AB\u2019nin g\u00f6r\u00fc\u015flerini yans\u0131tmamaktad\u0131r.<\/p><p><a href=\"http:\/\/instagram.com\/knin_sesi\">instagram.com\/knin_sesi<\/a><\/p><p><a href=\"http:\/\/facebook.com\/kninsesi\"><u>facebook.com\/kninsesi<\/u><\/a><\/p><p><a href=\"http:\/\/twitter.com\/kninsesipodcast\"><u>twitter.com\/kninsesipodcast<\/u><\/a><\/p><p><a href=\"https:\/\/kninsesi.com\/en\/\"><u>www.kninsesi.com<\/u><\/a><\/p><\/div><\/div><div class=\"ppjs__img-wrapper\"><img class=\"ppjs__img-btn\" src=\"https:\/\/kninsesi.com\/wp-content\/uploads\/2022\/06\/6417017-1654070345590-6f683cd39e956-768x768.jpg\" srcset=\"https:\/\/kninsesi.com\/wp-content\/uploads\/2022\/06\/6417017-1654070345590-6f683cd39e956-768x768.jpg 768w, https:\/\/kninsesi.com\/wp-content\/uploads\/2022\/06\/6417017-1654070345590-6f683cd39e956-300x300.jpg 300w, https:\/\/kninsesi.com\/wp-content\/uploads\/2022\/06\/6417017-1654070345590-6f683cd39e956-1024x1024.jpg 1024w, https:\/\/kninsesi.com\/wp-content\/uploads\/2022\/06\/6417017-1654070345590-6f683cd39e956-150x150.jpg 150w, https:\/\/kninsesi.com\/wp-content\/uploads\/2022\/06\/6417017-1654070345590-6f683cd39e956-1536x1536.jpg 1536w, https:\/\/kninsesi.com\/wp-content\/uploads\/2022\/06\/6417017-1654070345590-6f683cd39e956-2048x2048.jpg 2048w, https:\/\/kninsesi.com\/wp-content\/uploads\/2022\/06\/6417017-1654070345590-6f683cd39e956-12x12.jpg 12w, https:\/\/kninsesi.com\/wp-content\/uploads\/2022\/06\/6417017-1654070345590-6f683cd39e956-800x800.jpg 800w, https:\/\/kninsesi.com\/wp-content\/uploads\/2022\/06\/6417017-1654070345590-6f683cd39e956-400x400.jpg 400w\" sizes=\"(max-width: 640px) 100vw, 300px\" alt=\"3. Sezon 8. Sohbet: &#8221;Hayat Bir M\u00fccadele: I\u015f\u0131n Eli\u00e7in ile Medyada Adalet&#8221;\"><\/div><\/div><\/div><div class=\"pod-content__list episode-list\"><div class=\"episode-list__search\"><label class=\"label-episode-search\"><span class=\"ppjs__offscreen\">Search Episodes<\/span><input type=\"text\" placeholder=\"Search Episodes\" title=\"Search Podcast Episodes\"\/><\/label><span class=\"episode-list__search-icon\"><svg class=\"icon icon-pp-search\" aria-hidden=\"true\" role=\"img\" focusable=\"false\"><use href=\"#icon-pp-search\" xlink:href=\"#icon-pp-search\"><\/use><\/svg><\/span><button class=\"episode-list__clear-search pod-button\"><svg class=\"icon icon-pp-x\" aria-hidden=\"true\" role=\"img\" focusable=\"false\"><use href=\"#icon-pp-x\" xlink:href=\"#icon-pp-x\"><\/use><\/svg><span class=\"ppjs__offscreen\">Clear Search<\/span><\/button><\/div><div class=\"episode-list__wrapper\">\n<div id=\"ppe-3890-1\" class=\"episode-list__entry pod-entry\" data-search-term=\"3. sezon 8. sohbet: &#8221;hayat bir m\u00fccadele: i\u015f\u0131n eli\u00e7in ile medyada adalet&#8221;\">\n\t<div class=\"pod-entry__wrapper\">\n\t\t<div class=\"pod-entry__content\">\n\t\t\t<div class=\"pod-entry__title\">\n\t\t\t\t<a href=\"https:\/\/podcasters.spotify.com\/pod\/show\/knin-sesi\/episodes\/3--Sezon-8--Sohbet-Hayat-Bir-Mcadele-In-Eliin-ile-Medyada-Adalet-e1jbosa\">3. Sezon 8. Sohbet: &#8221;Hayat Bir M\u00fccadele: I\u015f\u0131n Eli\u00e7in ile Medyada Adalet&#8221;<\/a>\n\t\t\t<\/div>\n\t\t\t<div class=\"pod-entry__date\">June 1, 2022<\/div>\n\t\t\t\t\t\t\t<div class=\"pod-entry__author\">K&#039;n\u0131n Sesi<\/div>\n\t\t\t\t\t<\/div>\n\t<\/div>\n<\/div>\n\n<div id=\"ppe-3890-2\" class=\"episode-list__entry pod-entry\" data-search-term=\"3. sezon 7. sohbet: &#8221;ne yanl\u0131\u015f\u0131z ne yaln\u0131z: \u00c7i\u011fdem \u015eim\u015fek ile damgalama ve hiv&#8221;\">\n\t<div class=\"pod-entry__wrapper\">\n\t\t<div class=\"pod-entry__content\">\n\t\t\t<div class=\"pod-entry__title\">\n\t\t\t\t<a href=\"https:\/\/podcasters.spotify.com\/pod\/show\/knin-sesi\/episodes\/3--Sezon-7--Sohbet-Ne-Yanlz-Ne-Yalnz-idem-imek-ile-Damgalama-ve-HIV-e1j26qf\">3. Sezon 7. Sohbet: &#8221;Ne Yanl\u0131\u015f\u0131z Ne Yaln\u0131z: \u00c7i\u011fdem \u015eim\u015fek ile Damgalama ve HIV&#8221;<\/a>\n\t\t\t<\/div>\n\t\t\t<div class=\"pod-entry__date\">May 25, 2022<\/div>\n\t\t\t\t\t\t\t<div class=\"pod-entry__author\">K&#039;n\u0131n Sesi<\/div>\n\t\t\t\t\t<\/div>\n\t<\/div>\n<\/div>\n\n<div id=\"ppe-3890-3\" class=\"episode-list__entry pod-entry\" data-search-term=\"3. sezon 6. sohbet: &#8221;asla yaln\u0131z y\u00fcr\u00fcmeyeceksin: evren balta ile su\u00e7un al\u0131\u015f\u0131lmad\u0131k bi\u00e7imleri&#8221;\">\n\t<div class=\"pod-entry__wrapper\">\n\t\t<div class=\"pod-entry__content\">\n\t\t\t<div class=\"pod-entry__title\">\n\t\t\t\t<a href=\"https:\/\/podcasters.spotify.com\/pod\/show\/knin-sesi\/episodes\/3--Sezon-6--Sohbet-Asla-Yalnz-Yrmeyeceksin-Evren-Balta-ile-Suun-Allmadk-Biimleri-e1imkqc\">3. Sezon 6. Sohbet: &#8221;Asla Yaln\u0131z Y\u00fcr\u00fcmeyeceksin: Evren Balta ile Su\u00e7un Al\u0131\u015f\u0131lmad\u0131k Bi\u00e7imleri&#8221;<\/a>\n\t\t\t<\/div>\n\t\t\t<div class=\"pod-entry__date\">May 18, 2022<\/div>\n\t\t\t\t\t\t\t<div class=\"pod-entry__author\">K&#039;n\u0131n Sesi<\/div>\n\t\t\t\t\t<\/div>\n\t<\/div>\n<\/div>\n\n<div id=\"ppe-3890-4\" class=\"episode-list__entry pod-entry\" data-search-term=\"3. sezon 5. sohbet: &#8221;tam \u0130ffetli olaca\u011f\u0131m&#8230;: asl\u0131 ild\u0131r ile sinemada su\u00e7, noir ve femme fetale&#8221;\">\n\t<div class=\"pod-entry__wrapper\">\n\t\t<div class=\"pod-entry__content\">\n\t\t\t<div class=\"pod-entry__title\">\n\t\t\t\t<a href=\"https:\/\/podcasters.spotify.com\/pod\/show\/knin-sesi\/episodes\/3--Sezon-5--Sohbet-Tam-ffetli-Olacam----Asl-Ildr-ile-Sinemada-Su--Noir-ve-Femme-Fetale-e1icckr\">3. Sezon 5. Sohbet: &#8221;Tam \u0130ffetli Olaca\u011f\u0131m&#8230;: Asl\u0131 Ild\u0131r ile Sinemada Su\u00e7, Noir ve Femme Fetale&#8221;<\/a>\n\t\t\t<\/div>\n\t\t\t<div class=\"pod-entry__date\">May 11, 2022<\/div>\n\t\t\t\t\t\t\t<div class=\"pod-entry__author\">K&#039;n\u0131n Sesi<\/div>\n\t\t\t\t\t<\/div>\n\t<\/div>\n<\/div>\n\n<div id=\"ppe-3890-5\" class=\"episode-list__entry pod-entry\" data-search-term=\"3. sezon 4. sohbet: &#8221;lin\u00e7lesen de burday\u0131z a\u015fk\u0131m: arya zencefil ile dijital \u015eiddet&#8221;\">\n\t<div class=\"pod-entry__wrapper\">\n\t\t<div class=\"pod-entry__content\">\n\t\t\t<div class=\"pod-entry__title\">\n\t\t\t\t<a href=\"https:\/\/podcasters.spotify.com\/pod\/show\/knin-sesi\/episodes\/3--Sezon-4--Sohbet-Linlesen-de-Burdayz-Akm-Arya-Zencefil-ile-Dijital-iddet-e1hmgpu\">3. Sezon 4. Sohbet: &#8221;Lin\u00e7lesen de Burday\u0131z A\u015fk\u0131m: Arya Zencefil ile Dijital \u015eiddet&#8221;<\/a>\n\t\t\t<\/div>\n\t\t\t<div class=\"pod-entry__date\">April 26, 2022<\/div>\n\t\t\t\t\t\t\t<div class=\"pod-entry__author\">K&#039;n\u0131n Sesi<\/div>\n\t\t\t\t\t<\/div>\n\t<\/div>\n<\/div>\n\n<div id=\"ppe-3890-6\" class=\"episode-list__entry pod-entry\" data-search-term=\"3. sezon 3. sohbet: &#8221;erkek adalet de\u011fil ger\u00e7ek adalet: \u015eebnem korur fincanc\u0131 ile adli t\u0131p\">\n\t<div class=\"pod-entry__wrapper\">\n\t\t<div class=\"pod-entry__content\">\n\t\t\t<div class=\"pod-entry__title\">\n\t\t\t\t<a href=\"https:\/\/podcasters.spotify.com\/pod\/show\/knin-sesi\/episodes\/3--Sezon-3--Sohbet-Erkek-Adalet-Deil-Gerek-Adalet-ebnem-Korur-Fincanc-ile-Adli-Tp-e1hcd3q\">3. Sezon 3. Sohbet: &#8221;Erkek Adalet De\u011fil Ger\u00e7ek Adalet: \u015eebnem Korur Fincanc\u0131 ile Adli T\u0131p<\/a>\n\t\t\t<\/div>\n\t\t\t<div class=\"pod-entry__date\">April 19, 2022<\/div>\n\t\t\t\t\t\t\t<div class=\"pod-entry__author\">K&#039;n\u0131n Sesi<\/div>\n\t\t\t\t\t<\/div>\n\t<\/div>\n<\/div>\n\n<div id=\"ppe-3890-7\" class=\"episode-list__entry pod-entry\" data-search-term=\"3. sezon 2. sohbet: &#8221;yakamad\u0131\u011f\u0131n\u0131z cad\u0131lar\u0131n torunlar\u0131y\u0131z: sema kaygusuz ile su\u00e7lanan kad\u0131nlar&#8221;\">\n\t<div class=\"pod-entry__wrapper\">\n\t\t<div class=\"pod-entry__content\">\n\t\t\t<div class=\"pod-entry__title\">\n\t\t\t\t<a href=\"https:\/\/podcasters.spotify.com\/pod\/show\/knin-sesi\/episodes\/3--Sezon-2--Sohbet-Yakamadnz-Cadlarn-Torunlaryz-Sema-Kaygusuz-ile-Sulanan-Kadnlar-e1h2s42\">3. Sezon 2. Sohbet: &#8221;Yakamad\u0131\u011f\u0131n\u0131z Cad\u0131lar\u0131n Torunlar\u0131y\u0131z: Sema Kaygusuz ile Su\u00e7lanan Kad\u0131nlar&#8221;<\/a>\n\t\t\t<\/div>\n\t\t\t<div class=\"pod-entry__date\">April 12, 2022<\/div>\n\t\t\t\t\t\t\t<div class=\"pod-entry__author\">K&#039;n\u0131n Sesi<\/div>\n\t\t\t\t\t<\/div>\n\t<\/div>\n<\/div>\n\n<div id=\"ppe-3890-8\" class=\"episode-list__entry pod-entry\" data-search-term=\"3. sezon 1. sohbet: &#8221;bats\u0131n (m\u0131) bu adaletsiz d\u00fcnya: canan ar\u0131n ile su\u00e7 ve ceza&#8221;\">\n\t<div class=\"pod-entry__wrapper\">\n\t\t<div class=\"pod-entry__content\">\n\t\t\t<div class=\"pod-entry__title\">\n\t\t\t\t<a href=\"https:\/\/podcasters.spotify.com\/pod\/show\/knin-sesi\/episodes\/3--Sezon-1--Sohbet-Batsn-m-Bu-Adaletsiz-Dnya-Canan-Arn-ile-Su-ve-Ceza-e1gmnme\">3. Sezon 1. Sohbet: &#8221;Bats\u0131n (m\u0131) Bu Adaletsiz D\u00fcnya: Canan Ar\u0131n ile Su\u00e7 ve Ceza&#8221;<\/a>\n\t\t\t<\/div>\n\t\t\t<div class=\"pod-entry__date\">April 4, 2022<\/div>\n\t\t\t\t\t\t\t<div class=\"pod-entry__author\">K&#039;n\u0131n Sesi<\/div>\n\t\t\t\t\t<\/div>\n\t<\/div>\n<\/div>\n\n<div id=\"ppe-3890-9\" class=\"episode-list__entry pod-entry\" data-search-term=\"2. sezon 4. sohbet: &#8221;d\u00f6rt duvar\u0131n \u00d6tesinde ne var?&#8221; (fato\u015f \u0130rwen &amp; oya baydar ile)\">\n\t<div class=\"pod-entry__wrapper\">\n\t\t<div class=\"pod-entry__content\">\n\t\t\t<div class=\"pod-entry__title\">\n\t\t\t\t<a href=\"https:\/\/podcasters.spotify.com\/pod\/show\/knin-sesi\/episodes\/2--Sezon-4--Sohbet-Drt-Duvarn-tesinde-Ne-Var--Fato-rwen--Oya-Baydar-ile-e13ii68\">2. Sezon 4. Sohbet: &#8221;D\u00f6rt Duvar\u0131n \u00d6tesinde Ne Var?&#8221; (Fato\u015f \u0130rwen &amp; Oya Baydar ile)<\/a>\n\t\t\t<\/div>\n\t\t\t<div class=\"pod-entry__date\">June 28, 2021<\/div>\n\t\t\t\t\t\t\t<div class=\"pod-entry__author\">K&#039;n\u0131n Sesi<\/div>\n\t\t\t\t\t<\/div>\n\t<\/div>\n<\/div>\n\n<div id=\"ppe-3890-10\" class=\"episode-list__entry pod-entry\" data-search-term=\"2. sezon 3. sohbet: &#8221;meslekte tutunmak kolay m\u0131?&#8221; (tilbe saran &amp; tutya y\u0131lmaz ile)\">\n\t<div class=\"pod-entry__wrapper\">\n\t\t<div class=\"pod-entry__content\">\n\t\t\t<div class=\"pod-entry__title\">\n\t\t\t\t<a href=\"https:\/\/podcasters.spotify.com\/pod\/show\/knin-sesi\/episodes\/2--Sezon-3--Sohbet-Meslekte-Tutunmak-Kolay-M--Tilbe-Saran--Tutya-Ylmaz-ile-e11odal\">2. Sezon 3. Sohbet: &#8221;Meslekte Tutunmak Kolay M\u0131?&#8221; (Tilbe Saran &amp; Tutya Y\u0131lmaz ile)<\/a>\n\t\t\t<\/div>\n\t\t\t<div class=\"pod-entry__date\">May 28, 2021<\/div>\n\t\t\t\t\t\t\t<div class=\"pod-entry__author\">K&#039;n\u0131n Sesi<\/div>\n\t\t\t\t\t<\/div>\n\t<\/div>\n<\/div>\n<div class=\"lm-button-wrapper\"><button class=\"episode-list__load-more\"><span>Load More<\/span><\/button><\/div><div class=\"episode-list__search-results episode-search\"><span class=\"ppjs__offscreen\">Search Results placeholder<\/span><\/div><\/div><\/div><div class=\"ppjs__list-reveal\"><div class=\"ppjs__button\"><button class=\"pp-prev-btn\"><span class=\"ppjs__offscreen\">Previous Episode<\/span><span class=\"btn-icon-wrap\"><svg class=\"icon icon-pp-previous\" aria-hidden=\"true\" role=\"img\" focusable=\"false\"><use href=\"#icon-pp-previous\" xlink:href=\"#icon-pp-previous\"><\/use><\/svg><\/span><\/button><\/div><div class=\"ppjs__button\"><button class=\"pp-list-btn\"><span class=\"ppjs__offscreen\">Show Episodes List<\/span><span class=\"btn-icon-wrap\"><svg class=\"icon icon-pp-show-list\" aria-hidden=\"true\" role=\"img\" focusable=\"false\"><use href=\"#icon-pp-show-list\" xlink:href=\"#icon-pp-show-list\"><\/use><\/svg><svg class=\"icon icon-pp-hide-list\" aria-hidden=\"true\" role=\"img\" focusable=\"false\"><use href=\"#icon-pp-hide-list\" xlink:href=\"#icon-pp-hide-list\"><\/use><\/svg><\/span><\/button><\/div><div class=\"ppjs__button\"><button class=\"pp-next-btn\"><span class=\"ppjs__offscreen\">Next Episode<\/span><span class=\"btn-icon-wrap\"><svg class=\"icon icon-pp-next\" aria-hidden=\"true\" role=\"img\" focusable=\"false\"><use href=\"#icon-pp-next\" xlink:href=\"#icon-pp-next\"><\/use><\/svg><\/span><\/button><\/div><\/div><\/div><\/div><div class=\"pod-content__launcher pod-launch\"><button class=\"pod-launch__button pod-launch__info pod-button\" aria-expanded=\"false\"><span class=\"ppjs__offscreen\">Show Podcast Information<\/span><span class=\"btn-icon-wrap\"><svg class=\"icon icon-pp-podcast\" aria-hidden=\"true\" role=\"img\" focusable=\"false\"><use href=\"#icon-pp-podcast\" xlink:href=\"#icon-pp-podcast\"><\/use><\/svg><svg class=\"icon icon-pp-x\" aria-hidden=\"true\" role=\"img\" focusable=\"false\"><use href=\"#icon-pp-x\" xlink:href=\"#icon-pp-x\"><\/use><\/svg><\/span><\/button><\/div><\/div>\t\t<\/div>\n\t\t\t\t<\/div>\n\t\t\t\t<div class=\"elementor-element elementor-element-465bc28 elementor-share-buttons--view-icon elementor-share-buttons--skin-minimal elementor-share-buttons--shape-circle elementor-share-buttons--align-right elementor-grid-0 elementor-share-buttons--color-official elementor-widget elementor-widget-global elementor-global-1958 elementor-widget-share-buttons\" data-id=\"465bc28\" data-element_type=\"widget\" data-widget_type=\"share-buttons.default\">\n\t\t\t\t<div class=\"elementor-widget-container\">\n\t\t\t\t\t<div class=\"elementor-grid\">\n\t\t\t\t\t\t\t\t<div class=\"elementor-grid-item\">\n\t\t\t\t\t\t<div class=\"elementor-share-btn elementor-share-btn_facebook\">\n\t\t\t\t\t\t\t\t\t\t\t\t\t\t\t<span class=\"elementor-share-btn__icon\">\n\t\t\t\t\t\t\t\t<i class=\"fab fa-facebook\" aria-hidden=\"true\"><\/i>\t\t\t\t\t\t\t\t<span\n\t\t\t\t\t\t\t\t\tclass=\"elementor-screen-only\">Share on facebook<\/span>\n\t\t\t\t\t\t\t<\/span>\n\t\t\t\t\t\t\t\t\t\t\t\t\t\t\t\t\t\t\t\t<\/div>\n\t\t\t\t\t<\/div>\n\t\t\t\t\t\t\t\t\t<div class=\"elementor-grid-item\">\n\t\t\t\t\t\t<div class=\"elementor-share-btn elementor-share-btn_twitter\">\n\t\t\t\t\t\t\t\t\t\t\t\t\t\t\t<span class=\"elementor-share-btn__icon\">\n\t\t\t\t\t\t\t\t<i class=\"fab fa-twitter\" aria-hidden=\"true\"><\/i>\t\t\t\t\t\t\t\t<span\n\t\t\t\t\t\t\t\t\tclass=\"elementor-screen-only\">Share on twitter<\/span>\n\t\t\t\t\t\t\t<\/span>\n\t\t\t\t\t\t\t\t\t\t\t\t\t\t\t\t\t\t\t\t<\/div>\n\t\t\t\t\t<\/div>\n\t\t\t\t\t\t\t\t\t<div class=\"elementor-grid-item\">\n\t\t\t\t\t\t<div class=\"elementor-share-btn elementor-share-btn_linkedin\">\n\t\t\t\t\t\t\t\t\t\t\t\t\t\t\t<span class=\"elementor-share-btn__icon\">\n\t\t\t\t\t\t\t\t<i class=\"fab fa-linkedin\" aria-hidden=\"true\"><\/i>\t\t\t\t\t\t\t\t<span\n\t\t\t\t\t\t\t\t\tclass=\"elementor-screen-only\">Share on linkedin<\/span>\n\t\t\t\t\t\t\t<\/span>\n\t\t\t\t\t\t\t\t\t\t\t\t\t\t\t\t\t\t\t\t<\/div>\n\t\t\t\t\t<\/div>\n\t\t\t\t\t\t\t\t\t<div class=\"elementor-grid-item\">\n\t\t\t\t\t\t<div class=\"elementor-share-btn elementor-share-btn_whatsapp\">\n\t\t\t\t\t\t\t\t\t\t\t\t\t\t\t<span class=\"elementor-share-btn__icon\">\n\t\t\t\t\t\t\t\t<i class=\"fab fa-whatsapp\" aria-hidden=\"true\"><\/i>\t\t\t\t\t\t\t\t<span\n\t\t\t\t\t\t\t\t\tclass=\"elementor-screen-only\">Share on whatsapp<\/span>\n\t\t\t\t\t\t\t<\/span>\n\t\t\t\t\t\t\t\t\t\t\t\t\t\t\t\t\t\t\t\t<\/div>\n\t\t\t\t\t<\/div>\n\t\t\t\t\t\t\t\t\t<div class=\"elementor-grid-item\">\n\t\t\t\t\t\t<div class=\"elementor-share-btn elementor-share-btn_telegram\">\n\t\t\t\t\t\t\t\t\t\t\t\t\t\t\t<span class=\"elementor-share-btn__icon\">\n\t\t\t\t\t\t\t\t<i class=\"fab fa-telegram\" aria-hidden=\"true\"><\/i>\t\t\t\t\t\t\t\t<span\n\t\t\t\t\t\t\t\t\tclass=\"elementor-screen-only\">Share on telegram<\/span>\n\t\t\t\t\t\t\t<\/span>\n\t\t\t\t\t\t\t\t\t\t\t\t\t\t\t\t\t\t\t\t<\/div>\n\t\t\t\t\t<\/div>\n\t\t\t\t\t\t\t\t\t<div class=\"elementor-grid-item\">\n\t\t\t\t\t\t<div class=\"elementor-share-btn elementor-share-btn_email\">\n\t\t\t\t\t\t\t\t\t\t\t\t\t\t\t<span class=\"elementor-share-btn__icon\">\n\t\t\t\t\t\t\t\t<i class=\"fas fa-envelope\" aria-hidden=\"true\"><\/i>\t\t\t\t\t\t\t\t<span\n\t\t\t\t\t\t\t\t\tclass=\"elementor-screen-only\">Share on email<\/span>\n\t\t\t\t\t\t\t<\/span>\n\t\t\t\t\t\t\t\t\t\t\t\t\t\t\t\t\t\t\t\t<\/div>\n\t\t\t\t\t<\/div>\n\t\t\t\t\t\t<\/div>\n\t\t\t\t<\/div>\n\t\t\t\t<\/div>\n\t\t\t\t\t\t<\/div>\n\t\t\t\t\t<\/div>\n\t\t<\/div>\n\t\t\t\t\t\t\t\t<\/div>\n\t\t\t\t\t<\/div>\n\t\t<\/section>\n\t\t\t\t\t\t<\/div>\n\t\t\t\t\t\t<\/div>\n\t\t\t\t\t<\/div>","protected":false},"excerpt":{"rendered":"<p>B\u00fct\u00fcn B\u00f6l\u00fcmler B\u00f6l\u00fcm ar\u015fivine ula\u015fmak i\u00e7in B\u00fct\u00fcn b\u00f6l\u00fcmler B\u00f6l\u00fcm ar\u015fivine ula\u015fmak i\u00e7in T\u0131klay\u0131n Share on facebook Share on twitter Share on linkedin Share on whatsapp Share on telegram Share on email<\/p>","protected":false},"author":1,"featured_media":0,"parent":0,"menu_order":0,"comment_status":"closed","ping_status":"closed","template":"","meta":{"episode_type":"","audio_file":"","cover_image":"","cover_image_id":"","duration":"","filesize":"","date_recorded":"","explicit":"","block":"","filesize_raw":""},"yoast_head":"<!-- This site is optimized with the Yoast SEO plugin v17.6 - https:\/\/yoast.com\/wordpress\/plugins\/seo\/ -->\n<title>S\u00f6yle\u015filer &middot; K&#039;n\u0131n Sesi Podcast<\/title>\n<meta name=\"description\" content=\"K&#039;n\u0131n Sesi ekibinin farkl\u0131 deneyimlerden konuklarla sohbetlerine ula\u015f\u0131n. S\u00f6yle\u015filer, oyunlardaki temalar\u0131 daha derinlikli ele al\u0131yor.\" \/>\n<meta name=\"robots\" content=\"index, follow, max-snippet:-1, max-image-preview:large, max-video-preview:-1\" \/>\n<link rel=\"canonical\" href=\"https:\/\/kninsesi.com\/en\/soylesiler\/\" \/>\n<meta property=\"og:locale\" content=\"en_US\" \/>\n<meta property=\"og:type\" content=\"article\" \/>\n<meta property=\"og:title\" content=\"S\u00f6yle\u015filer &middot; K&#039;n\u0131n Sesi Podcast\" \/>\n<meta property=\"og:description\" content=\"K&#039;n\u0131n Sesi ekibinin farkl\u0131 deneyimlerden konuklarla sohbetlerine ula\u015f\u0131n. S\u00f6yle\u015filer, oyunlardaki temalar\u0131 daha derinlikli ele al\u0131yor.\" \/>\n<meta property=\"og:url\" content=\"https:\/\/kninsesi.com\/en\/soylesiler\/\" \/>\n<meta property=\"og:site_name\" content=\"K&#039;n\u0131n Sesi Podcast\" \/>\n<meta property=\"article:publisher\" content=\"https:\/\/www.facebook.com\/kninsesi\" \/>\n<meta property=\"article:modified_time\" content=\"2021-12-02T18:59:42+00:00\" \/>\n<meta property=\"og:image\" content=\"https:\/\/kninsesi.com\/wp-content\/uploads\/2021\/03\/6417017-1615472975336-2920d42c19152-7-scaled.jpg\" \/>\n\t<meta property=\"og:image:width\" content=\"2560\" \/>\n\t<meta property=\"og:image:height\" content=\"2560\" \/>\n<meta name=\"twitter:card\" content=\"summary_large_image\" \/>\n<meta name=\"twitter:site\" content=\"@kninsesipodcast\" \/>\n<meta name=\"twitter:label1\" content=\"Est. reading time\" \/>\n\t<meta name=\"twitter:data1\" content=\"11 minutes\" \/>\n<script type=\"application\/ld+json\" class=\"yoast-schema-graph\">{\"@context\":\"https:\/\/schema.org\",\"@graph\":[{\"@type\":\"Organization\",\"@id\":\"https:\/\/kninsesi.com\/#organization\",\"name\":\"K'n\\u0131n Sesi Podcast\",\"url\":\"https:\/\/kninsesi.com\/\",\"sameAs\":[\"https:\/\/www.facebook.com\/kninsesi\",\"https:\/\/www.instagram.com\/knin_sesi\/\",\"https:\/\/twitter.com\/kninsesipodcast\"],\"logo\":{\"@type\":\"ImageObject\",\"@id\":\"https:\/\/kninsesi.com\/#logo\",\"inLanguage\":\"en-US\",\"url\":\"https:\/\/kninsesi.com\/wp-content\/uploads\/2021\/03\/6417017-1615472975336-2920d42c19152-7-scaled.jpg\",\"contentUrl\":\"https:\/\/kninsesi.com\/wp-content\/uploads\/2021\/03\/6417017-1615472975336-2920d42c19152-7-scaled.jpg\",\"width\":2560,\"height\":2560,\"caption\":\"K'n\\u0131n Sesi Podcast\"},\"image\":{\"@id\":\"https:\/\/kninsesi.com\/#logo\"}},{\"@type\":\"WebSite\",\"@id\":\"https:\/\/kninsesi.com\/#website\",\"url\":\"https:\/\/kninsesi.com\/\",\"name\":\"K&#039;n\\u0131n Sesi Podcast\",\"description\":\"\",\"publisher\":{\"@id\":\"https:\/\/kninsesi.com\/#organization\"},\"potentialAction\":[{\"@type\":\"SearchAction\",\"target\":{\"@type\":\"EntryPoint\",\"urlTemplate\":\"https:\/\/kninsesi.com\/?s={search_term_string}\"},\"query-input\":\"required name=search_term_string\"}],\"inLanguage\":\"en-US\"},{\"@type\":\"WebPage\",\"@id\":\"https:\/\/kninsesi.com\/soylesiler\/#webpage\",\"url\":\"https:\/\/kninsesi.com\/soylesiler\/\",\"name\":\"S\\u00f6yle\\u015filer &middot; K&#039;n\\u0131n Sesi Podcast\",\"isPartOf\":{\"@id\":\"https:\/\/kninsesi.com\/#website\"},\"datePublished\":\"2021-03-04T12:08:17+00:00\",\"dateModified\":\"2021-12-02T18:59:42+00:00\",\"description\":\"K'n\\u0131n Sesi ekibinin farkl\\u0131 deneyimlerden konuklarla sohbetlerine ula\\u015f\\u0131n. S\\u00f6yle\\u015filer, oyunlardaki temalar\\u0131 daha derinlikli ele al\\u0131yor.\",\"breadcrumb\":{\"@id\":\"https:\/\/kninsesi.com\/soylesiler\/#breadcrumb\"},\"inLanguage\":\"en-US\",\"potentialAction\":[{\"@type\":\"ReadAction\",\"target\":[\"https:\/\/kninsesi.com\/soylesiler\/\"]}]},{\"@type\":\"BreadcrumbList\",\"@id\":\"https:\/\/kninsesi.com\/soylesiler\/#breadcrumb\",\"itemListElement\":[{\"@type\":\"ListItem\",\"position\":1,\"name\":\"Home\",\"item\":\"https:\/\/kninsesi.com\/\"},{\"@type\":\"ListItem\",\"position\":2,\"name\":\"S\\u00f6yle\\u015filer\"}]}]}<\/script>\n<!-- \/ Yoast SEO plugin. -->","yoast_head_json":{"title":"S\u00f6yle\u015filer &middot; K&#039;n\u0131n Sesi Podcast","description":"K'n\u0131n Sesi ekibinin farkl\u0131 deneyimlerden konuklarla sohbetlerine ula\u015f\u0131n. S\u00f6yle\u015filer, oyunlardaki temalar\u0131 daha derinlikli ele al\u0131yor.","robots":{"index":"index","follow":"follow","max-snippet":"max-snippet:-1","max-image-preview":"max-image-preview:large","max-video-preview":"max-video-preview:-1"},"canonical":"https:\/\/kninsesi.com\/en\/soylesiler\/","og_locale":"en_US","og_type":"article","og_title":"S\u00f6yle\u015filer &middot; K&#039;n\u0131n Sesi Podcast","og_description":"K'n\u0131n Sesi ekibinin farkl\u0131 deneyimlerden konuklarla sohbetlerine ula\u015f\u0131n. S\u00f6yle\u015filer, oyunlardaki temalar\u0131 daha derinlikli ele al\u0131yor.","og_url":"https:\/\/kninsesi.com\/en\/soylesiler\/","og_site_name":"K&#039;n\u0131n Sesi Podcast","article_publisher":"https:\/\/www.facebook.com\/kninsesi","article_modified_time":"2021-12-02T18:59:42+00:00","og_image":[{"width":2560,"height":2560,"url":"https:\/\/kninsesi.com\/wp-content\/uploads\/2021\/03\/6417017-1615472975336-2920d42c19152-7-scaled.jpg","type":"image\/jpeg"}],"twitter_card":"summary_large_image","twitter_site":"@kninsesipodcast","twitter_misc":{"Est. reading time":"11 minutes"},"schema":{"@context":"https:\/\/schema.org","@graph":[{"@type":"Organization","@id":"https:\/\/kninsesi.com\/#organization","name":"K'n\u0131n Sesi Podcast","url":"https:\/\/kninsesi.com\/","sameAs":["https:\/\/www.facebook.com\/kninsesi","https:\/\/www.instagram.com\/knin_sesi\/","https:\/\/twitter.com\/kninsesipodcast"],"logo":{"@type":"ImageObject","@id":"https:\/\/kninsesi.com\/#logo","inLanguage":"en-US","url":"https:\/\/kninsesi.com\/wp-content\/uploads\/2021\/03\/6417017-1615472975336-2920d42c19152-7-scaled.jpg","contentUrl":"https:\/\/kninsesi.com\/wp-content\/uploads\/2021\/03\/6417017-1615472975336-2920d42c19152-7-scaled.jpg","width":2560,"height":2560,"caption":"K'n\u0131n Sesi Podcast"},"image":{"@id":"https:\/\/kninsesi.com\/#logo"}},{"@type":"WebSite","@id":"https:\/\/kninsesi.com\/#website","url":"https:\/\/kninsesi.com\/","name":"K&#039;n\u0131n Sesi Podcast","description":"","publisher":{"@id":"https:\/\/kninsesi.com\/#organization"},"potentialAction":[{"@type":"SearchAction","target":{"@type":"EntryPoint","urlTemplate":"https:\/\/kninsesi.com\/?s={search_term_string}"},"query-input":"required name=search_term_string"}],"inLanguage":"en-US"},{"@type":"WebPage","@id":"https:\/\/kninsesi.com\/soylesiler\/#webpage","url":"https:\/\/kninsesi.com\/soylesiler\/","name":"S\u00f6yle\u015filer &middot; K&#039;n\u0131n Sesi Podcast","isPartOf":{"@id":"https:\/\/kninsesi.com\/#website"},"datePublished":"2021-03-04T12:08:17+00:00","dateModified":"2021-12-02T18:59:42+00:00","description":"K'n\u0131n Sesi ekibinin farkl\u0131 deneyimlerden konuklarla sohbetlerine ula\u015f\u0131n. S\u00f6yle\u015filer, oyunlardaki temalar\u0131 daha derinlikli ele al\u0131yor.","breadcrumb":{"@id":"https:\/\/kninsesi.com\/soylesiler\/#breadcrumb"},"inLanguage":"en-US","potentialAction":[{"@type":"ReadAction","target":["https:\/\/kninsesi.com\/soylesiler\/"]}]},{"@type":"BreadcrumbList","@id":"https:\/\/kninsesi.com\/soylesiler\/#breadcrumb","itemListElement":[{"@type":"ListItem","position":1,"name":"Home","item":"https:\/\/kninsesi.com\/"},{"@type":"ListItem","position":2,"name":"S\u00f6yle\u015filer"}]}]}},"_links":{"self":[{"href":"https:\/\/kninsesi.com\/en\/wp-json\/wp\/v2\/pages\/1938"}],"collection":[{"href":"https:\/\/kninsesi.com\/en\/wp-json\/wp\/v2\/pages"}],"about":[{"href":"https:\/\/kninsesi.com\/en\/wp-json\/wp\/v2\/types\/page"}],"author":[{"embeddable":true,"href":"https:\/\/kninsesi.com\/en\/wp-json\/wp\/v2\/users\/1"}],"replies":[{"embeddable":true,"href":"https:\/\/kninsesi.com\/en\/wp-json\/wp\/v2\/comments?post=1938"}],"version-history":[{"count":38,"href":"https:\/\/kninsesi.com\/en\/wp-json\/wp\/v2\/pages\/1938\/revisions"}],"predecessor-version":[{"id":3243,"href":"https:\/\/kninsesi.com\/en\/wp-json\/wp\/v2\/pages\/1938\/revisions\/3243"}],"wp:attachment":[{"href":"https:\/\/kninsesi.com\/en\/wp-json\/wp\/v2\/media?parent=1938"}],"curies":[{"name":"wp","href":"https:\/\/api.w.org\/{rel}","templated":true}]}}